{"id":1841,"date":"2022-04-30T07:55:01","date_gmt":"2022-04-30T07:55:01","guid":{"rendered":"https:\/\/putzmeisteringroup.com\/?page_id=1841"},"modified":"2022-05-07T10:55:18","modified_gmt":"2022-05-07T10:55:18","slug":"altalanos-szerzodesi-feltetelek","status":"publish","type":"page","link":"https:\/\/putzmeisteringroup.com\/hu\/altalanos-szerzodesi-feltetelek\/","title":{"rendered":"\u00c1ltal\u00e1nos szerz\u0151d\u00e9si felt\u00e9telek"},"content":{"rendered":"<blockquote class=\"gmail_quote\"><p>\u00c1LTAL\u00c1NOS SZERZ\u0150D\u00c9SI FELT\u00c9TELEK<\/p>\n<p>Jelen \u00e1ltal\u00e1nos szerz\u0151d\u00e9si felt\u00e9telek hat\u00e1lyos: 2022. \u00e1prilis 22.( a tov\u00e1bbiakban: \u00c1SZF).<\/p>\n<p>Tisztelt \u00dcgyf\u00e9l! \u00d6r\u00fcl\u00fcnk, hogy megl\u00e1togatta weboldalunkat (a tov\u00e1bbiakban: Weboldal). K\u00e9rj\u00fck jelen \u00c1SZF-et figyelmesen olvassa el, mivel az \u00c1SZF r\u00f6gz\u00edti a Weboldal \u00e9s az \u00d6n k\u00f6z\u00f6tt l\u00e9trej\u00f6v\u0151 jogviszonyt, illetve szerz\u0151d\u00e9s rendelkez\u00e9seit, illetve hasznos \u00e9s fontos adatokat tudhat meg a Weboldal \u00fczemeltet\u0151j\u00e9r\u0151l, panaszkezel\u00e9sr\u0151l, \u00e9s az \u00d6nt megillet\u0151 egy\u00e9b jogokr\u00f3l \u00e9s k\u00f6telezetts\u00e9gekr\u0151l.<\/p>\n<p>I. \u00c1ltal\u00e1nos rendelkez\u00e9sek, \u00dczemeltet\u0151<\/p>\n<p>A\u00a0<a href=\"https:\/\/www.mopp.hu\/\" target=\"_blank\" rel=\"noopener\" data-saferedirecturl=\"https:\/\/www.google.com\/url?q=https:\/\/www.mopp.hu\/&amp;source=gmail&amp;ust=1651492796179000&amp;usg=AOvVaw39D7cgq9G_kdyK6gNvbMVc\">\u00a0 \u00a0 putzmeisteringroup.com <\/a>domain alatt el\u00e9rhet\u0151 Weboldal \u00fczemeltet\u0151j\u00e9nek adatai (a tov\u00e1bbiakban: \u00dczemeltet\u0151):<\/p>\n<p>N\u00e9v: Putzmeisterin Group Kft.<\/p>\n<p>Ad\u00f3sz\u00e1m: 27948945-2-42<\/p>\n<p>Nyilv\u00e1ntart\u00e1si sz\u00e1m:\u00a001-09-358549<\/p><\/blockquote>\n<blockquote class=\"gmail_quote\"><p>&nbsp;<\/p>\n<p>Nyilv\u00e1ntart\u00e1sba vev\u0151 szerv neve:\u00a0F\u0151v\u00e1rosi T\u00f6rv\u00e9nysz\u00e9k C\u00e9gb\u00edr\u00f3s\u00e1ga<\/p>\n<p>Lakc\u00edm: 9422 Harka Panor\u00e1ma utca 4\/A<\/p>\n<p>Banksz\u00e1mlasz\u00e1m:11737045-<wbr \/>21431702<\/p>\n<div class=\"yj6qo ajU\">\n<div id=\":p2\" class=\"ajR\" tabindex=\"0\" role=\"button\" aria-label=\"Kibontott tartalom elrejt\u00e9se\" aria-expanded=\"true\" data-tooltip=\"Kibontott tartalom elrejt\u00e9se\"><img decoding=\"async\" class=\"ajT\" src=\"https:\/\/ssl.gstatic.com\/ui\/v1\/icons\/mail\/images\/cleardot.gif\" \/><\/div>\n<\/div>\n<div class=\"adL\">\n<div class=\"adm\">\n<div class=\"im\">\n<p>\u00dcgyf\u00e9lszolg\u00e1lat e-mail c\u00edme: info@putzmeisteringroup.com vagy\u00a0<a href=\"mailto:Putzmeisteringroup@gmail.com\" target=\"_blank\" rel=\"noopener\">putzmeisteringroup@gmail.com<\/a><\/p>\n<p>Telefon:\u00a0<a href=\"tel:+36%2070%20547%2024%2074\" target=\"_blank\" rel=\"noopener\">+36\u00a0<\/a>30 1577776<\/p>\n<p>Weblap internet c\u00edme: \u00a0putzmeisteringroup.com<\/p>\n<p>T\u00e1rhely szolg\u00e1ltat\u00f3 neve: Pellek Industries Kft<\/p>\n<p>T\u00e1rhely szolg\u00e1ltat\u00f3 c\u00edme: 8553 Lov\u00e1szpatona, R\u00e1k\u00f3czi Ferenc utca 113.<\/p>\n<p>T\u00e1rhely szolg\u00e1ltat\u00f3 webes c\u00edme: pellekindustries.com<\/p>\n<p>Telefon: +36 702974656<\/p>\n<p>E-mail: support@pellekindustries.com<\/p>\n<p>\u00dcGYF\u00c9LSZOLG\u00c1LAT \u00c9S PANASZKEZEL\u00c9S<\/p>\n<p>Az \u00dczemeltet\u0151 minden munkanapon \u00fcgyf\u00e9lszolg\u00e1latot \u00e9s panaszkezel\u00e9st m\u0171k\u00f6dtet, amely k\u00e9szs\u00e9ggel \u00e1ll az \u00fcgyfelek rendelkez\u00e9s\u00e9re az <a href=\"mailto:Putzmeisteringroup@gmail.com\" target=\"_blank\" rel=\"noopener\">Putzmeisteringroup@gmail.com<\/a> e-mail c\u00edmen.<\/p>\n<p>1. Az \u00dczemeltetet\u0151 takar\u00edt\u00e1ssal foglalkoz\u00f3 Korl\u00e1tolt felel\u0151ss\u00e9g\u0171 t\u00e1rsas\u00e1got \u00fczemeltet (tov\u00e1bbiakban: Putzmeisterin Group Kft). A Putzmeisterin Group online rendszert ny\u00fajt \u00fcgyfelei r\u00e9sz\u00e9re a Weboldalon, amelyen kereszt\u00fcl az \u00fcgyfelek megismerhetik a Putzmeisterin Group takar\u00edt\u00e1ssal kapcsolatos szolg\u00e1ltat\u00e1sait, \u00e1raj\u00e1nlatokat k\u00e9rhetnek. A Putzmeisterin Group egyr\u00e9szt mag\u00e1nyszem\u00e9lyeknek, m\u00e1sr\u00e9szt c\u00e9geknek, p\u00e9ld\u00e1ul irod\u00e1knak, \u00e9ttermeknek, mag\u00e1nrendel\u0151knek, t\u00e1rsash\u00e1zaknak ny\u00fajt takar\u00edt\u00e1si szolg\u00e1ltat\u00e1st (a tov\u00e1bbiakban: Szolg\u00e1ltat\u00e1s).<\/p>\n<p>2. Jelen \u00c1SZF-ben a Weboldalt haszn\u00e1l\u00f3 \u00e9s Szolg\u00e1ltat\u00e1st ig\u00e9nybe vev\u0151 term\u00e9szetes szem\u00e9lyek, valamint jogi szem\u00e9lyek \u00fcgyf\u00e9lnek vagy \u00fcgyfeleknek min\u0151s\u00fclnek (a tov\u00e1bbiakban: \u00dcgyf\u00e9l vagy \u00dcgyfelek).<\/p>\n<p>3. A Polg\u00e1ri T\u00f6rv\u00e9nyk\u00f6nyvr\u0151l sz\u00f3l\u00f3 2013. \u00e9vi V. t\u00f6rv\u00e9ny alapj\u00e1n fogyaszt\u00f3nak min\u0151s\u00fcl a szakm\u00e1ja, \u00f6n\u00e1ll\u00f3 foglalkoz\u00e1sa vagy \u00fczleti tev\u00e9kenys\u00e9ge k\u00f6r\u00e9n k\u00edv\u00fcl elj\u00e1r\u00f3 term\u00e9szetes szem\u00e9ly. Jelen \u00c1SZF-ben azok a rendelkez\u00e9sek, amelyek kiz\u00e1r\u00f3lag fogyaszt\u00f3kra vonatkoznak azt jelen \u00c1SZF k\u00fcl\u00f6n jelzi (a tov\u00e1bbiakban: Fogyaszt\u00f3 vagy Fogyaszt\u00f3k).<\/p>\n<p>4. Jelen \u00c1SZF elfogad\u00e1s\u00e1val \u00d6n mint Fogyaszt\u00f3 a 45\/2014. (II.26.) Korm\u00e1nyrendelet (a tov\u00e1bbiakban: Korm\u00e1nyrendelet) 12. \u00a7 \u00e9rtelm\u00e9ben beleegyezik abba, hogy nem pap\u00edr alapon, hanem m\u00e1s tart\u00f3s adathordoz\u00f3n, azaz .pdf form\u00e1tumban k\u00f6zli az \u00dczemeltet\u0151 \u00d6nnel a Korm\u00e1nyrendelet 11. \u00a7 (1) bekezd\u00e9s\u00e9ben el\u0151\u00edrt t\u00e1j\u00e9koztat\u00e1st.<\/p>\n<p>5. Az \u00dczemeltet\u0151 a Fogyaszt\u00f3kkal szembeni tisztess\u00e9gtelen kereskedelmi gyakorlat tilalm\u00e1r\u00f3l sz\u00f3l\u00f3 t\u00f6rv\u00e9ny szerinti magatart\u00e1si k\u00f3dexnek nem al\u00e1\u00edr\u00f3ja \u00e9s annak nem vetette al\u00e1 mag\u00e1t.<\/p>\n<p>6. A jelen \u00c1SZF hat\u00e1rozza meg az \u00dczemeltet\u0151 \u00e9s az \u00dcgyf\u00e9l k\u00f6z\u00f6tti Szolg\u00e1ltat\u00e1s felt\u00e9teleit, valamint a k\u00f6z\u00f6tt\u00fck keletkez\u0151 jogokat \u00e9s k\u00f6telezetts\u00e9geket (\u00dczemeltet\u0151 \u00e9s \u00dcgyf\u00e9l vagy \u00dcgyfelek a tov\u00e1bbiakban egy\u00fctt: Felek).<\/p>\n<p>Az \u00dczemeltet\u0151 adatai (pl. sz\u00e9khelye, postai c\u00edme, telefonsz\u00e1ma, elektronikus levelez\u00e9si c\u00edme, ill. akihez a Fogyaszt\u00f3 a panaszait c\u00edmezheti) a Weboldalon, valamint jelen \u00c1SZF-ben tal\u00e1lhat\u00f3.<\/p>\n<p>II. A szerz\u0151d\u00e9s, annak nyelve \u00e9s form\u00e1ja<\/p>\n<p>1. A Felek k\u00f6z\u00f6tti szerz\u0151d\u00e9s a jelen VII.\/2.\/2.5., VII.\/3.\/3.3. \u00e9s VII.\/4.\/4.3. pontban r\u00f6gz\u00edtettek szerint j\u00f6n l\u00e9tre.<\/p>\n<p>2. A jelen \u00c1SZF hat\u00e1lya al\u00e1 tartoz\u00f3 szerz\u0151d\u00e9sek nyelve a magyar nyelv.<\/p>\n<p>3. A jelen \u00c1SZF hat\u00e1lya al\u00e1 tartoz\u00f3 szerz\u0151d\u00e9sek nem min\u0151s\u00fclnek \u00edr\u00e1sba foglalt szerz\u0151d\u00e9seknek, azokat az \u00dczemeltet\u0151 nem iktatja.<\/p>\n<p>III. Az \u00dczemeltet\u0151 Szolg\u00e1ltat\u00e1s\u00e1nak korl\u00e1tai<\/p>\n<p>1. Az \u00dcgyf\u00e9l tudom\u00e1sul veszi, hogy az internet saj\u00e1toss\u00e1gai miatt a Weboldal folyamatos \u00fczemeltet\u00e9se az \u00dczemeltet\u0151 el\u0151zetes tudta \u00e9s sz\u00e1nd\u00e9ka ellen\u00e9re is megszakadhat. Az \u00dczemeltet\u0151 ennek megfelel\u0151en nem garant\u00e1lja a Weboldal hibamentes \u00e9s zavartalan m\u0171k\u00f6d\u00e9s\u00e9t, illet\u0151leg hogy a Szolg\u00e1ltat\u00e1shoz val\u00f3 hozz\u00e1f\u00e9r\u00e9s folyamatos vagy hibamentes lesz. A Szolg\u00e1ltat\u00e1s a Weboldalon el\u00e9rhet\u0151 szolg\u00e1ltat\u00e1sokat jelenti.<\/p>\n<p>IV. Az \u00dczemeltet\u0151 felel\u0151ss\u00e9ge<\/p>\n<p>1. Az \u00dczemeltet\u0151 csak a neki felr\u00f3hat\u00f3 sz\u00e1nd\u00e9kos vagy s\u00falyosan gondatlan hib\u00e1kkal okozott k\u00e1rok\u00e9rt felel. A felel\u0151ss\u00e9g m\u00e9rt\u00e9ke nem haladhatja meg a Szolg\u00e1ltat\u00e1s ig\u00e9nybev\u00e9tel\u00e9vel j\u00e1r\u00f3 tranzakci\u00f3 \u00e9rt\u00e9k\u00e9t.<\/p>\n<p>2. K\u00e1r bek\u00f6vetkez\u00e9se eset\u00e9n az \u00dczemeltet\u0151 t\u00e1j\u00e9koztatja az \u00dcgyfelet a k\u00e1rr\u00f3l.<\/p>\n<p>3. Az \u00dczemeltet\u0151 k\u00f6rnyezetbar\u00e1t takar\u00edt\u00f3szereket biztos\u00edt az \u00dcgyf\u00e9l sz\u00e1m\u00e1ra. A k\u00f6rnyezetbar\u00e1t takar\u00edt\u00f3szerekkel kapcsolatos reklam\u00e1ci\u00f3t az \u00dczemeltet\u0151 kiz\u00e1rja. Az \u00dcgyf\u00e9l \u00e1ltal a Szolg\u00e1ltat\u00e1shoz biztos\u00edtott takar\u00edt\u00f3szerek rendeltet\u00e9sszer\u0171 haszn\u00e1lat\u00e1b\u00f3l ered\u0151 k\u00e1rok\u00e9rt az \u00dczemeltet\u0151 nem v\u00e1llal felel\u0151ss\u00e9get.<\/p>\n<p>4. Amennyiben az \u00dczemeltet\u0151 foglalkoztat\u00e1s\u00e1ban \u00e1ll\u00f3 alkalmazott az \u00dczemeltet\u0151t megker\u00fclve ny\u00fajt Szolg\u00e1ltat\u00e1st az \u00dcgyf\u00e9l r\u00e9sz\u00e9re, akkor az ennek eredm\u00e9nyek\u00e9nt bek\u00f6vetkezett k\u00e1rok\u00e9rt az \u00dczemeltet\u0151 nem tartozik felel\u0151ss\u00e9ggel.<\/p>\n<p>5. Az \u00dcgyf\u00e9l tudom\u00e1sul veszi, hogy az \u00dczemeltet\u0151 nem felel\u0151s semmilyen olyan k\u00e1r\u00e9rt vagy vissza\u00e9l\u00e9s\u00e9rt, amely a bankk\u00e1rty\u00e1val t\u00f6rt\u00e9n\u0151 fizet\u00e9s sor\u00e1n vagy k\u00f6vetkezt\u00e9ben keletkezik.<\/p>\n<p>6. A szem\u00e9lyes adatok kezel\u00e9s\u00e9vel, t\u00e1rol\u00e1s\u00e1val kapcsolatban az \u00dczemeltet\u0151 az elv\u00e1rhat\u00f3 legnagyobb gondoss\u00e1ggal j\u00e1r el. Azonban az internet \u00e9s az informatika egy olyan k\u00f6rnyezet, ahol az elv\u00e1rhat\u00f3 legnagyobb gondoss\u00e1g ellen\u00e9re megval\u00f3sul\u00f3 kiv\u00e9dhetetlen t\u00e1mad\u00e1sok \u00e1ltal okozott esetleges k\u00e1rok\u00e9rt az \u00dczemeltet\u0151t felel\u0151ss\u00e9g nem terheli, illetve azt kiz\u00e1rja.<\/p>\n<p>7. Az \u00dczemeltet\u0151 kiz\u00e1rja a felel\u0151ss\u00e9get minden olyan k\u00e1r\u00e9rt, amelyet az \u00dcgyf\u00e9l, vagy harmadik szem\u00e9ly szerz\u0151d\u00e9s- illetve jogellenes tev\u00e9kenys\u00e9ge vagy mulaszt\u00e1sa okozott.<\/p>\n<p>V. A digit\u00e1lis adattartalom m\u0171k\u00f6d\u00e9se, m\u0171szaki v\u00e9delmi int\u00e9zked\u00e9sek<\/p>\n<p>1. A digit\u00e1lis adattartalom hardverrel \u00e9s szoftverrel val\u00f3 egy\u00fcttm\u0171k\u00f6d\u00e9si k\u00e9pess\u00e9ge: A Weboldal kompatibilis a k\u00f6zismert internet b\u00f6ng\u00e9sz\u0151kkel. A megjelen\u0151 adatokat MySQL t\u00e1roljuk. Az \u00e9rz\u00e9keny adatok megfelel\u0151 er\u0151ss\u00e9g\u0171 titkos\u00edt\u00e1ssal vannak t\u00e1rolva, k\u00f3dol\u00e1sukhoz processzorba \u00e9p\u00edtett hardveres t\u00e1mogat\u00e1st haszn\u00e1lunk.<\/p>\n<p>2. Az adatokat szolg\u00e1ltat\u00f3 szerverek el\u00e9rhet\u0151s\u00e9ge \u00e9vi 99,9% feletti. A digit\u00e1lis adattartalom m\u0171k\u00f6d\u00e9s\u00e9r\u0151l, valamint az alkalmazand\u00f3 m\u0171szaki v\u00e9delmi int\u00e9zked\u00e9sr\u0151l a T\u00e1rhely szolg\u00e1ltat\u00f3 weboldal\u00e1n tudhat meg b\u0151vebb inform\u00e1ci\u00f3kat.<\/p>\n<p>VI. Az \u00dcgyf\u00e9l adatai<\/p>\n<p>1. Az \u00dcgyfelet teljes k\u00f6r\u0171 felel\u0151ss\u00e9g terheli a fi\u00f3kj\u00e1hoz tartoz\u00f3 felhaszn\u00e1l\u00f3n\u00e9v \u00e9s jelsz\u00f3 p\u00e1rossal, illetve azon kereszt\u00fcl t\u00f6rt\u00e9n\u0151 mindennem\u0171 Szolg\u00e1ltat\u00e1ssal kapcsolatban. Az \u00dcgyf\u00e9l v\u00e1llalja, hogy halad\u00e9ktalanul \u00e9rtes\u00edti az \u00dczemeltet\u0151t adatainak (pl. azonos\u00edt\u00f3j\u00e1nak \u00e9s jelszav\u00e1nak) b\u00e1rmilyen illet\u00e9ktelen felhaszn\u00e1l\u00e1sa, illetve a biztons\u00e1g egy\u00e9b m\u00f3don val\u00f3 megs\u00e9rt\u00e9se eset\u00e9n. A jelsz\u00f3 t\u00e1rol\u00e1s\u00e1b\u00f3l vagy a felhaszn\u00e1l\u00f3n\u00e9v \u00e9s a jelsz\u00f3 harmadik szem\u00e9ly r\u00e9sz\u00e9re val\u00f3 \u00e1tad\u00e1s\u00e1b\u00f3l fakad\u00f3 k\u00e1rfelel\u0151ss\u00e9get az \u00dczemeltet\u0151 kiz\u00e1rja.<\/p>\n<p>2. Az \u00dcgyf\u00e9l kijelenti, \u00e9s felel\u0151ss\u00e9ggel tartozik az\u00e9rt, hogy a val\u00f3s adatait adta meg a Weboldalnak. Az \u00dczemeltet\u0151 kiz\u00e1rja felel\u0151ss\u00e9g\u00e9t a t\u00e9ves, hib\u00e1s vagy hamis adatok vagy e-mail c\u00edm megad\u00e1s\u00e1b\u00f3l ered\u0151 b\u00e1rmilyen k\u00e1r\u00e9rt. K\u00e9rj\u00fck, amennyiben adataiban b\u00e1rmilyen v\u00e1ltoz\u00e1s k\u00f6vetkezik be, akkor azt a Weboldalon val\u00f3 m\u00f3dos\u00edt\u00e1ssal halad\u00e9ktalanul aktualiz\u00e1lja. Az \u00dcgyf\u00e9lnek b\u00e1rmikor lehet\u0151s\u00e9ge van adatait ellen\u0151rizni \u00e9s m\u00f3dos\u00edtani. Az \u00dczemeltet\u0151 jogosult t\u00f6r\u00f6lni a nyilv\u00e1nval\u00f3an hib\u00e1s vagy hamis adatokat, tov\u00e1bb\u00e1 k\u00e9ts\u00e9g eset\u00e9n jogosult az \u00dcgyf\u00e9l val\u00f3dis\u00e1g\u00e1t ellen\u0151rizni.<\/p>\n<p>3. Az \u00dczemeltet\u0151 fenntartja mag\u00e1nak a jogot, hogy az \u00dcgyf\u00e9l megrendel\u00e9s\u00e9t indokolt esetben visszautas\u00edtsa, \u00edgy k\u00fcl\u00f6n\u00f6sen val\u00f3tlan, vagy hi\u00e1nyos adatok megad\u00e1sa, illetve a Weboldallal t\u00f6rt\u00e9n\u0151 b\u00e1rmilyen vissza\u00e9l\u00e9s eset\u00e9n.<\/p>\n<p>4. Az \u00dczemeltet\u0151 az \u00dcgyf\u00e9l szem\u00e9lyes adatait az Adatkezel\u00e9si t\u00e1j\u00e9koztat\u00f3ban foglaltak alapj\u00e1n kezeli.<\/p>\n<p>VII. A Szolg\u00e1ltat\u00e1s \u00e9s a megrendel\u00e9s\u00e9nek menete<\/p>\n<p>1. Szolg\u00e1ltat\u00e1s<\/p>\n<p>1.1. A Szolg\u00e1ltat\u00e1st a legt\u00f6bb esetben az \u00dczemeltet\u0151 foglalkoztat\u00e1s\u00e1ban \u00e1ll\u00f3 k\u00e9t szem\u00e9ly (takar\u00edt\u00f3) ny\u00fajtja az \u00dcgyf\u00e9l r\u00e9sz\u00e9re, tekintettel erre, a Szolg\u00e1ltat\u00e1s ny\u00fajt\u00e1s\u00e1val fele annyi id\u0151 alatt v\u00e9geznek. Ez a Szolg\u00e1ltat\u00e1s d\u00edj\u00e1t nem befoly\u00e1solja.<\/p>\n<p>1.2. Munkaid\u0151: az \u00dczemeltet\u0151 foglalkoztat\u00e1s\u00e1ban \u00e1ll\u00f3 takar\u00edt\u00f3k minden h\u00e9tk\u00f6znap 8:00-18:00 \u00f3r\u00e1ig v\u00e1llalj\u00e1k a Szolg\u00e1ltat\u00e1s ny\u00fajt\u00e1s\u00e1t. Az ett\u0151l elt\u00e9r\u0151 id\u0151pontok megbesz\u00e9l\u00e9s alapj\u00e1n lehets\u00e9gesek, esetleges fel\u00e1r ellen\u00e9ben.<\/p>\n<p>1.3. A Szolg\u00e1ltat\u00e1s ny\u00fajt\u00e1sa t\u00f6rt\u00e9nhet:<\/p>\n<ul>\n<li>az \u00dcgyf\u00e9l rendelkez\u00e9s\u00e9re \u00e1ll\u00f3 takar\u00edt\u00f3 eszk\u00f6zeivel,<\/li>\n<li>az \u00dczemeltet\u0151 \u00e1ltal biztos\u00edtott takar\u00edt\u00f3eszk\u00f6z\u00f6kkel, azonban az ut\u00f3bbira fel\u00e1r ellen\u00e9ben van lehet\u0151s\u00e9g.<\/li>\n<\/ul>\n<p>1.4. Az \u00dczemeltet\u0151 csak azt a Szolg\u00e1ltat\u00e1st biztos\u00edtja az \u00dcgyf\u00e9l r\u00e9sz\u00e9re, amely Szolg\u00e1ltat\u00e1st az \u00dcgyf\u00e9l a megrendel\u00e9s sor\u00e1n kiv\u00e1lasztott.<\/p>\n<p>1.5. Az \u00dczemeltet\u0151 az al\u00e1bbi szolg\u00e1ltat\u00e1sokat nem v\u00e1llalja:<\/p>\n<ul>\n<li>pen\u00e9sz elt\u00e1vol\u00edt\u00e1s,<\/li>\n<li>b\u0171nt\u00e9ny, hal\u00e1leset, t\u0171zk\u00e1r, \u00e1rv\u00edz helysz\u00edn\u00e9n val\u00f3 takar\u00edt\u00e1s,<\/li>\n<li>szell\u0151z\u0151, szem\u00e9tledob\u00f3, nagyobb szem\u00e9tt\u00e1rol\u00f3 takar\u00edt\u00e1sa,<\/li>\n<li>fert\u0151z\u00f6tt helyek takar\u00edt\u00e1sa,<\/li>\n<li>emberi \u00fcr\u00fcl\u00e9k, testnedvek, v\u00e9r, h\u00e1ny\u00e1s feltakar\u00edt\u00e1sa,<\/li>\n<li>graffiti letakar\u00edt\u00e1sa,<\/li>\n<li>k\u00e9nyszertakar\u00edt\u00e1s,<\/li>\n<li>t\u00e9rk\u0151,- homlokzat tiszt\u00edt\u00e1s,<\/li>\n<li>lomtalan\u00edt\u00e1s,<\/li>\n<li>vesz\u00e9lyes helyen l\u00e9v\u0151 takar\u00edt\u00e1s<\/li>\n<li>f\u0171ny\u00edr\u00e1s, lev\u00e9l \u00f6sszeszed\u00e9se,<\/li>\n<li>napelem mos\u00e1s, tiszt\u00edt\u00e1s,<\/li>\n<li>ponyva\/naperny\u0151 tiszt\u00edt\u00e1s,<\/li>\n<li>fest\u00e9s.<\/li>\n<\/ul>\n<p>2. A Szolg\u00e1ltat\u00e1s megrendel\u00e9s\u00e9nek folyamata<\/p>\n<p>2.1. Az \u00dczemeltet\u0151 a Weboldalon \u00e1raj\u00e1nlatad\u00f3 \u00e9s megrendel\u0151 \u0171rlapot biztos\u00edt az \u00dcgyf\u00e9l r\u00e9sz\u00e9re (a tov\u00e1bbiakban: \u0170rlap).<\/p>\n<p>2.2. Az \u0170rlapon kereszt\u00fcl az \u00dcgyf\u00e9lnek lehet\u0151s\u00e9ge van kiv\u00e1lasztani a Szolg\u00e1ltat\u00e1s t\u00edpus\u00e1t (\u00e1ltal\u00e1nos takar\u00edt\u00e1s, kieg\u00e9sz\u00edt\u0151 takar\u00edt\u00e1s, nagytakar\u00edt\u00e1s), be\u00e1ll\u00edtani a kitakar\u00edtani k\u00edv\u00e1nt ingatlan param\u00e9tereit, a takar\u00edt\u00f3 eszk\u00f6z\u00f6k sz\u00fcks\u00e9gess\u00e9g\u00e9t, tov\u00e1bb\u00e1 az \u00dcgyf\u00e9l tov\u00e1bbi, extra szolg\u00e1ltat\u00e1sokat (pl.: ablak, h\u0171t\u0151, s\u00fct\u0151 tiszt\u00edt\u00e1s) is v\u00e1laszthat.<\/p>\n<p>2.3. A \u201eK\u00f6vetkez\u0151\u201d gombra kattintva m\u00e9g nem keletkezik fizet\u00e9si k\u00f6telezetts\u00e9ge. A \u201eK\u00f6vetkez\u0151\u201d gombra kattintva id\u0151pont v\u00e1laszt\u00e1s, majd a rendel\u00e9si adatok, sz\u00e1ml\u00e1z\u00e1si adatok megad\u00e1sa k\u00f6vetkezik.<\/p>\n<p>2.4. A \u201eRendel\u00e9s \u00e1ttekint\u00e9se\u201d fel\u00fcleten \u00e1ttekint\u00e9st kap a rendel\u00e9si adatokr\u00f3l, sz\u00e1ml\u00e1z\u00e1si adatokr\u00f3l. Amennyiben az adatok jav\u00edt\u00e1sa sz\u00fcks\u00e9ges, azt az \u00dcgyf\u00e9l korl\u00e1tlanul megteheti addig, am\u00edg nem kattintott a \u201eMegrendel\u00e9s v\u00e9gleges\u00edt\u00e9se\u201d gombra. Teh\u00e1t a \u201eMegrendel\u00e9s v\u00e9gleges\u00edt\u00e9se\u201d gombra kattint\u00e1ssal fizet\u00e9si k\u00f6telezetts\u00e9ggel j\u00e1r\u00f3 megrendel\u00e9s j\u00f6n l\u00e9tre, illetve a \u201eMegrendel\u00e9s v\u00e9gleges\u00edt\u00e9se\u201d gomb megnyom\u00e1s\u00e1val elfogadja a Szolg\u00e1ltat\u00e1sra vonatkoz\u00f3 szerz\u0151d\u00e9s felt\u00e9teleit, egyben jelen \u00c1SZF rendelkez\u00e9seit is.<\/p>\n<p>2.5. A Szolg\u00e1ltat\u00e1s megrendel\u00e9se alapj\u00e1n a szerz\u0151d\u00e9s a megrendel\u00e9s\u00e9t visszaigazol\u00f3 e-mail meg\u00e9rkez\u00e9s\u00e9vel j\u00f6n l\u00e9tre, az \u00dcgyf\u00e9l megrendel\u00e9s\u00e9t k\u00f6vet\u0151en a Weboldal 48 \u00f3r\u00e1n bel\u00fcl k\u00fcldi meg a visszaigazol\u00f3 e-mailt. A visszaigazol\u00f3 e-mail tartalmazza a Szolg\u00e1ltat\u00e1s param\u00e9tereit, a Szolg\u00e1ltat\u00e1s d\u00edj\u00e1t, a Szolg\u00e1ltat\u00e1s id\u0151pontj\u00e1t, valamint egy linket. A linkre kattintva megjelenik az \u00c1SZF \u00e9s let\u00f6lthet\u0151 .pdf form\u00e1tumban is. A visszaigazol\u00f3 e-maillel j\u00f6n l\u00e9tre a Felek k\u00f6z\u00f6tt a szerz\u0151d\u00e9s.<\/p>\n<p>2.6. A megrendel\u00e9st meger\u0151s\u00edt\u0151 automatikus visszaigazol\u00f3 e-mailt az \u00dczemeltet\u0151 az \u00dcgyf\u00e9l \u00e1ltal megadott e-mail c\u00edmre k\u00fcldi meg. Amennyiben az \u00dcgyf\u00e9l hib\u00e1s e-mail c\u00edmet ad meg, akkor az ebb\u0151l fakad\u00f3 minden k\u00e1r\u00e9rt az \u00dcgyfelet terheli a felel\u0151ss\u00e9g, \u00e9s az \u00dczemeltet\u0151 felel\u0151ss\u00e9g\u00e9t kiz\u00e1rj\u00e1k.<\/p>\n<p>2.7. Amennyiben az \u00dcgyf\u00e9l a megrendel\u00e9st k\u00f6vet\u0151 n\u00e9h\u00e1ny percen bel\u00fcl nem kapja meg a fenti visszaigazol\u00f3 e-mailt, ennek oka felt\u00e9telezhet\u0151en technikai, vagy m\u00e1s kapcsolati hiba lehet. K\u00e9rj\u00fck, hogy ebben az esetben halad\u00e9ktalanul l\u00e9pjen kapcsolatba az \u00dczemeltet\u0151 \u00dcgyf\u00e9lszolg\u00e1lat\u00e1val (az \u00fcgyf\u00e9lszolg\u00e1lat el\u00e9rhet\u0151s\u00e9gei az \u00c1SZF elej\u00e9n tal\u00e1lhat\u00f3ak). Az \u00dcgyf\u00e9lszolg\u00e1lat a probl\u00e9m\u00e1t orvosolja.<\/p>\n<p>2.8. Amennyiben az \u00dcgyf\u00e9l b\u00e1rmely okb\u00f3l 48 \u00f3r\u00e1n bel\u00fcl nem kapna visszaigazol\u00e1st a megrendel\u00e9s\u00e9r\u0151l, \u00fagy az \u00dcgyf\u00e9l mentes\u00fcl az aj\u00e1nlati k\u00f6t\u00f6tts\u00e9ge al\u00f3l, azaz a tov\u00e1bbiakban nem k\u00f6ti \u0151t a megrendel\u00e9se \u00e9s nem k\u00f6teles azt kifizetni.<\/p>\n<p>3. A Szolg\u00e1ltat\u00e1s megrendel\u00e9s\u00e9nek folyamata nagytakar\u00edt\u00e1s eset\u00e9n<\/p>\n<p>3.1. Nagytakar\u00edt\u00e1s eset\u00e9n a param\u00e9terek megad\u00e1s\u00e1t k\u00f6vet\u0151en az \u00dczemeltet\u0151 egy el\u0151zetes \u00e1raj\u00e1nlatot k\u00fcld az \u00dcgyf\u00e9l r\u00e9sz\u00e9re, azonban ebben az esetben az \u00dczemeltet\u0151 kimegy a kitakar\u00edtand\u00f3 helyis\u00e9g, illetve lak\u00e1s helysz\u00edn\u00e9re, \u00e9s ezt k\u00f6vet\u0151en ad v\u00e9gleges \u00e1raj\u00e1nlatot.<\/p>\n<p>3.2. Az \u00dczemeltet\u0151 ingyenesen biztos\u00edtja a v\u00e9gleges \u00e1raj\u00e1nlatot az \u00dcgyf\u00e9l r\u00e9sz\u00e9re.<\/p>\n<p>3.3. Az \u00dczemeltet\u0151 a kitakar\u00edtand\u00f3 ingatlan felm\u00e9r\u00e9s\u00e9t k\u00f6vet\u0151en a v\u00e9gleges \u00e1raj\u00e1nlatot e-mailen k\u00fcldi meg az \u00dcgyf\u00e9l r\u00e9sz\u00e9re. Az \u00dcgyf\u00e9lnek az e-mailben szerepl\u0151 linkre t\u00f6rt\u00e9n\u0151 kattint\u00e1ssal fizet\u00e9si k\u00f6telezetts\u00e9ge keletkezik, a linkre val\u00f3 kattint\u00e1ssal j\u00f6n ebben az esetben l\u00e9tre a szerz\u0151d\u00e9s az \u00dczemeltet\u0151 \u00e9s az \u00dcgyf\u00e9l k\u00f6z\u00f6tt.<\/p>\n<p>4. A Szolg\u00e1ltat\u00e1s megrendel\u00e9s\u00e9nek folyamata nagyobb helyis\u00e9gek, illetve nagyobb lak\u00e1sok kitakar\u00edt\u00e1sa eset\u00e9n<\/p>\n<p>4.1. Nagyobb helyis\u00e9gek, illetve nagyobb lak\u00e1sok kitakar\u00edt\u00e1sa eset\u00e9n a param\u00e9terek megad\u00e1s\u00e1t k\u00f6vet\u0151en az \u00dczemeltet\u0151 nem k\u00fcld \u00e1raj\u00e1nlatot az \u00dcgyf\u00e9l r\u00e9sz\u00e9re. Ebben az esetben az \u00dczemeltet\u0151 kimegy a kitakar\u00edtand\u00f3 nagyobb helyis\u00e9g, illetve nagyobb lak\u00e1s helysz\u00edn\u00e9re, \u00e9s \u00e1raj\u00e1nlatot tesz.<\/p>\n<p>4.2. Az \u00dczemeltet\u0151 ingyenesen biztos\u00edtja a v\u00e9gleges \u00e1raj\u00e1nlatot az \u00dcgyf\u00e9l r\u00e9sz\u00e9re.<\/p>\n<p>4.3. Az \u00dczemeltet\u0151 a kitakar\u00edtand\u00f3 ingatlan felm\u00e9r\u00e9s\u00e9t k\u00f6vet\u0151en az \u00e1raj\u00e1nlatot e-mailen k\u00fcldi meg az \u00dcgyf\u00e9l r\u00e9sz\u00e9re. Az \u00dcgyf\u00e9lnek az e-mailben szerepl\u0151 linkre t\u00f6rt\u00e9n\u0151 kattint\u00e1ssal fizet\u00e9si k\u00f6telezetts\u00e9ge keletkezik, a linkre val\u00f3 kattint\u00e1ssal j\u00f6n ebben az esetben l\u00e9tre a szerz\u0151d\u00e9s az \u00dczemeltet\u0151 \u00e9s az \u00dcgyf\u00e9l k\u00f6z\u00f6tt.<\/p>\n<p>VIII. A Szolg\u00e1ltat\u00e1s d\u00edj\u00e1val kapcsolatos t\u00e1j\u00e9koztat\u00e1s \u00e9s a fizet\u00e9si m\u00f3d<\/p>\n<p>1. Az \u00dcgyf\u00e9lnek az \u00dczemeltet\u0151 \u00e1ltal ny\u00fajtott Szolg\u00e1ltat\u00e1s\u00e9rt cser\u00e9be d\u00edjfizet\u00e9si k\u00f6telezetts\u00e9ge \u00e1ll fenn (a tov\u00e1bbiakban: Szolg\u00e1ltat\u00e1si d\u00edj).<\/p>\n<p>2. Az \u0170rlapon kalkul\u00e1lt \u00e1r minden esetben t\u00e1j\u00e9koztat\u00f3 jelleg\u0171. A Szolg\u00e1ltat\u00e1si d\u00edj \u00f6sszege a megrendelt Szolg\u00e1ltat\u00e1st\u00f3l, a kitakar\u00edtand\u00f3 ingatlan egyedi param\u00e9tereit\u0151l, \u00e9s egy\u00e9b k\u00f6r\u00fclm\u00e9nyeit\u0151l (pl.: szennyezetts\u00e9g) f\u00fcgg.<\/p>\n<p>3. A Szolg\u00e1ltat\u00e1si d\u00edj \u00f6sszege tartalmazza a k\u00f6rnyezetbar\u00e9t takar\u00edt\u00f3szerek \u00e1r\u00e1t.<\/p>\n<p>4. Az \u00dczemeltet\u0151 a Szolg\u00e1ltat\u00e1s kapcs\u00e1n fenntartja a Szolg\u00e1ltat\u00e1si d\u00edj megv\u00e1ltoztat\u00e1s\u00e1nak jog\u00e1t, azonban az \u00dczemeltet\u0151 err\u0151l az \u00dcgyfeleket vagy a megrendel\u00e9s sor\u00e1n megadott e-mail c\u00edm\u00fck\u00f6n t\u00e1j\u00e9koztatja, vagy a Facebook oldalon, vagy a Weboldalon.<\/p>\n<p>5. Az \u00dcgyf\u00e9l a Szolg\u00e1ltat\u00e1si d\u00edj \u00f6sszeg\u00e9t k\u00e9szp\u00e9nzben k\u00f6teles megfizetni az \u00dczemeltet\u0151 r\u00e9sz\u00e9re a Szolg\u00e1ltat\u00e1s befejez\u00e9s\u00e9t k\u00f6vet\u0151en.<\/p>\n<p>6. Amennyiben a Szolg\u00e1ltat\u00e1s ny\u00fajt\u00e1sa t\u00f6bb napon kereszt\u00fcl t\u00f6rt\u00e9nik, akkor az \u00dczemeltet\u0151 k\u00e9rheti, hogy az aznap elv\u00e9gzett munka ellen\u00e9rt\u00e9k\u00e9t az \u00dcgyf\u00e9l megfizesse a r\u00e9sz\u00e9re k\u00e9szp\u00e9nzben.<\/p>\n<p>7. Amennyiben az \u00dcgyf\u00e9l rendszeresen k\u00e9ri az \u00dczemeltet\u0151 \u00e1ltal biztos\u00edtott Szolg\u00e1ltat\u00e1st, akkor az \u00dcgyf\u00e9lnek lehet\u0151s\u00e9ge van arra, hogy a Szolg\u00e1ltat\u00e1si d\u00edjat az \u00dczemeltet\u0151 r\u00e9sz\u00e9re a jelen \u00c1SZF I. pontj\u00e1ban megjel\u00f6lt Banksz\u00e1mlasz\u00e1mra fizesse meg minden t\u00e1rgyh\u00f3nap v\u00e9g\u00e9n \u00e1tutal\u00e1ssal.<\/p>\n<p>8. Az \u00dczemeltet\u0151 a Szolg\u00e1ltat\u00e1s elv\u00e9gz\u00e9s\u00e9t k\u00f6vet\u0151en sz\u00e1ml\u00e1t \u00e1ll\u00edt ki az \u00dcgyf\u00e9l r\u00e9sz\u00e9re.<\/p>\n<p>9.\u00a0\u00a0<a href=\"http:\/\/otpebiz.hu\/\" target=\"_blank\" rel=\"noopener\" data-saferedirecturl=\"https:\/\/www.google.com\/url?q=http:\/\/otpebiz.hu&amp;source=gmail&amp;ust=1651492796179000&amp;usg=AOvVaw0Kp7IMY2LA7YhLcchLQJJH\">otpebiz.hu<\/a><\/p>\n<p>Az \u00dczemeltet\u0151 a Szolg\u00e1ltat\u00e1s sz\u00e1ml\u00e1j\u00e1t a\u00a0\u00a0<a href=\"http:\/\/otpebiz.hu\/\" target=\"_blank\" rel=\"noopener\" data-saferedirecturl=\"https:\/\/www.google.com\/url?q=http:\/\/otpebiz.hu&amp;source=gmail&amp;ust=1651492796179000&amp;usg=AOvVaw0Kp7IMY2LA7YhLcchLQJJH\">otpebiz.hu<\/a> szolg\u00e1ltat\u00f3n kereszt\u00fcl biztos\u00edtja. Online fizet\u00e9s \u00e9s k\u00e9szp\u00e9nzzel val\u00f3 fizet\u00e9s eset\u00e9n \u00d6n elfogadja a <a href=\"http:\/\/otpebiz.hu\/\" target=\"_blank\" rel=\"noopener\" data-saferedirecturl=\"https:\/\/www.google.com\/url?q=http:\/\/otpebiz.hu&amp;source=gmail&amp;ust=1651492796179000&amp;usg=AOvVaw0Kp7IMY2LA7YhLcchLQJJH\">otpebiz.hu<\/a> m\u0171k\u00f6d\u00e9si \u00e9s adatkezel\u00e9si felt\u00e9teleit, illetve hozz\u00e1j\u00e1rul ahhoz, hogy az \u00dczemeltet\u0151 a <a href=\"http:\/\/otpebiz.hu\/\" target=\"_blank\" rel=\"noopener\" data-saferedirecturl=\"https:\/\/www.google.com\/url?q=http:\/\/otpebiz.hu&amp;source=gmail&amp;ust=1651492796179000&amp;usg=AOvVaw0Kp7IMY2LA7YhLcchLQJJH\">otpebiz.hu<\/a> r\u00e9sz\u00e9re kiadja az \u00d6n szem\u00e9lyes adatait, amelyek sz\u00fcks\u00e9gesek a szolg\u00e1ltat\u00e1sok megfelel\u0151 m\u0171k\u00f6d\u00e9s\u00e9hez. A <a href=\"http:\/\/otpebiz.hu\/\" target=\"_blank\" rel=\"noopener\" data-saferedirecturl=\"https:\/\/www.google.com\/url?q=http:\/\/otpebiz.hu&amp;source=gmail&amp;ust=1651492796179000&amp;usg=AOvVaw0Kp7IMY2LA7YhLcchLQJJH\">otpebiz.hu<\/a> \u00e1ltal\u00e1nos szerz\u0151d\u00e9si felt\u00e9teleir\u0151l t\u00f6bbet ide kattintva tudhat meg:\u00a0<a href=\"https:\/\/ebiz.otpbank.hu\/static\/sw\/file\/EBIZ_ASZF.pdf\" target=\"_blank\" rel=\"noopener\" data-saferedirecturl=\"https:\/\/www.google.com\/url?q=https:\/\/ebiz.otpbank.hu\/static\/sw\/file\/EBIZ_ASZF.pdf&amp;source=gmail&amp;ust=1651492796179000&amp;usg=AOvVaw1aSTR3x4VJvf92ClthwLYL\">https:\/\/ebiz.otpbank.hu\/s<wbr \/>tatic\/sw\/file\/EBIZ_ASZF.pdf\u00a0<\/a>\u00a0A <a href=\"http:\/\/otpebiz.hu\/\" target=\"_blank\" rel=\"noopener\" data-saferedirecturl=\"https:\/\/www.google.com\/url?q=http:\/\/otpebiz.hu&amp;source=gmail&amp;ust=1651492796179000&amp;usg=AOvVaw0Kp7IMY2LA7YhLcchLQJJH\">otpebiz.hu<\/a> adatkezel\u00e9s\u00e9r\u0151l\u00a0\u00a0az <a href=\"http:\/\/otpebiz.hu\/\" target=\"_blank\" rel=\"noopener\" data-saferedirecturl=\"https:\/\/www.google.com\/url?q=http:\/\/otpebiz.hu&amp;source=gmail&amp;ust=1651492796179000&amp;usg=AOvVaw0Kp7IMY2LA7YhLcchLQJJH\">otpebiz.hu<\/a> t\u00f6bbet tudhat meg Online fizet\u00e9s \u00e9s k\u00e9szp\u00e9nzzel val\u00f3 fizet\u00e9s eset\u00e9n az elektronikus bizonylatot az .Az elektronikus sz\u00e1mla egy olyan sz\u00e1mla, ami elektronikus jelek form\u00e1j\u00e1ban tartalmazza a sz\u00e1mla adatokat. Az elektronikus sz\u00e1mla csak elektronikus form\u00e1ban \u00e1ll\u00edthat\u00f3 ki, tov\u00e1bb\u00edthat\u00f3 \u00e9s t\u00e1rolhat\u00f3, \u00e9s jogszab\u00e1ly alapj\u00e1n csak elektronikus form\u00e1ban hiteles, pap\u00edr form\u00e1ban nem hiteles. Az \u00dczemeltet\u0151 az e-sz\u00e1ml\u00e1t a megadott adatok alapj\u00e1n, automatikusan, e-sz\u00e1mla szolg\u00e1ltat\u00f3 k\u00f6zbeiktat\u00e1s\u00e1val bocs\u00e1tja ki. \u00dcgyf\u00e9l a Szolg\u00e1ltat\u00e1s ig\u00e9nybev\u00e9tel\u00e9nek folyamata megind\u00edt\u00e1s\u00e1val kifejezetten kijelenti, hogy elfogadja az e-sz\u00e1ml\u00e1t.<\/p>\n<p>10. A fizet\u00e9s lebonyol\u00edt\u00e1s\u00e1ra szolg\u00e1l\u00f3 eszk\u00f6z (mobiltelefon, telefon, internetkapcsolattal rendelkez\u0151 sz\u00e1m\u00edt\u00f3g\u00e9p, tablet stb.) internet-, mobil- vagy m\u00e1s elektronikus kapcsolat\u00e1nak, esetlegesen a speci\u00e1lis fizet\u00e9si m\u00f3d (pl. mobilfizet\u00e9s) ellen\u00e9rt\u00e9kek\u00e9nt a Weboldal \u2013 a \u00dcgyf\u00e9l egy\u00e9ni el\u0151fizet\u0151i vagy m\u00e1s szerz\u0151d\u00e9se alapj\u00e1n a telekommunik\u00e1ci\u00f3s szolg\u00e1ltat\u00f3ja d\u00edj\u00e1n k\u00edv\u00fcl \u2013 m\u00e1s egy\u00e9b d\u00edjat nem sz\u00e1m\u00edthat fel. Az \u00dczemeltet\u0151 emelt d\u00edjas szolg\u00e1ltat\u00e1st nem alkalmaz.<\/p>\n<p>11. Az \u00dcgyf\u00e9lnek a Szolg\u00e1ltat\u00e1si d\u00edj megfizet\u00e9s\u00e9n t\u00falmen\u0151 k\u00f6telezetts\u00e9gei nincsenek. Az \u00dczemeltet\u0151 r\u00e9sz\u00e9re let\u00e9tet vagy egy\u00e9b p\u00e9nz\u00fcgyi biztos\u00edt\u00e9kot az \u00dcgyf\u00e9l nem ny\u00fajt.<\/p>\n<p>12. Akci\u00f3k, kedvezm\u00e9nyek<\/p>\n<p>12.1. Heti rendszeress\u00e9ggel megrendelt Szolg\u00e1ltat\u00e1s eset\u00e9n 10% kedvezm\u00e9nyt, k\u00e9theti rendszeress\u00e9ggel megrendelt Szolg\u00e1ltat\u00e1s eset\u00e9n 8% kedvezm\u00e9nyt, havi rendszeress\u00e9ggel megrendelt Szolg\u00e1ltat\u00e1s eset\u00e9n 5% kedvezm\u00e9nyt biztos\u00edt az \u00dczemeltet\u0151 az \u00dcgyf\u00e9l r\u00e9sz\u00e9re. A Kedvezm\u00e9ny a szerz\u0151d\u00e9s megk\u00f6t\u00e9s\u00e9t k\u00f6vet\u0151en ker\u00fcl levon\u00e1sra \u00e9s a m\u00e1sodik takar\u00edt\u00e1st k\u00f6vet\u0151en l\u00e9p \u00e9rv\u00e9nybe.<\/p>\n<p>12.2. A kedvezm\u00e9ny a heti \u00e9s a k\u00e9theti rendszeress\u00e9ggel megrendelt Szolg\u00e1ltat\u00e1s eset\u00e9n az \u00e1ltal\u00e1nos takar\u00edt\u00e1s \u00e1r\u00e1b\u00f3l ker\u00fcl levon\u00e1sra, m\u00edg havi rendszeress\u00e9g eset\u00e9n a kedvezm\u00e9ny a kieg\u00e9sz\u00edt\u0151 takar\u00edt\u00e1s \u00e1r\u00e1b\u00f3l ker\u00fcl levon\u00e1sra. \u00d6n az \u00e1ltal\u00e1nos \u00e9s kieg\u00e9sz\u00edt\u0151 takar\u00edt\u00e1s kapcs\u00e1n a Weboldalon kap b\u0151vebb inform\u00e1ci\u00f3t.<\/p>\n<p>12.3. Az id\u0151szakos akci\u00f3k egy h\u00e1ztart\u00e1sban csak egyszer haszn\u00e1lhat\u00f3ak fel, \u00e9s a k\u00fcl\u00f6nb\u00f6z\u0151 kedvezm\u00e9nyek nem \u00f6sszevonhat\u00f3ak.<\/p>\n<p>IX. A Szolg\u00e1ltat\u00e1s megkezd\u00e9se, a Szolg\u00e1ltat\u00e1s kapcs\u00e1n az el\u00e1ll\u00e1s, a m\u00f3dos\u00edt\u00e1s, a felmond\u00e1s<\/p>\n<p>1. Az \u00dczemeltet\u0151 a Szolg\u00e1ltat\u00e1s ny\u00fajt\u00e1s\u00e1val kapcsolatos el\u0151k\u00e9sz\u00fcleteket a takar\u00edt\u00e1sra leegyeztetett id\u0151pontot megel\u0151z\u0151 24 \u00f3r\u00e1n bel\u00fcl megkezdi, tekintettel arra, hogy a takar\u00edt\u00f3kat be kell osztania, valamint k\u00f6rnyezetbar\u00e1t takar\u00edt\u00f3szereket, tov\u00e1bb\u00e1 sz\u00fcks\u00e9g eset\u00e9n takar\u00edt\u00f3eszk\u00f6z\u00f6ket is ki kell v\u00e1lasztania (a tov\u00e1bbiakban: Szolg\u00e1ltat\u00e1s El\u0151k\u00e9sz\u00fclet\u00e9nek Kezd\u0151 Id\u0151pontja). Teh\u00e1t a jelen \u00c1SZF XIV.\/1. pontj\u00e1ban meghat\u00e1rozott el\u00e1ll\u00e1si jog kiz\u00e1r\u00f3lag a Szolg\u00e1ltat\u00e1s El\u0151k\u00e9sz\u00fclet\u00e9nek Kezd\u0151 Id\u0151pontja el\u0151tt gyakorolhat\u00f3, azt k\u00f6vet\u0151en nem. Az el\u00e1ll\u00e1si jog kapcs\u00e1n b\u0151vebb t\u00e1j\u00e9koztat\u00e1st a jelen \u00c1SZF XIV.\/1. pontj\u00e1ban tal\u00e1l. Tov\u00e1bb\u00e1 a Szolg\u00e1ltat\u00e1s m\u00f3dos\u00edt\u00e1sa is a Szolg\u00e1ltat\u00e1s El\u0151k\u00e9sz\u00fclet\u00e9nek Kezd\u0151 Id\u0151pontja el\u0151tt gyakorolhat\u00f3.<\/p>\n<p>2. A Szolg\u00e1ltat\u00e1s El\u0151k\u00e9sz\u00fclet\u00e9nek Kezd\u0151 Id\u0151pontja el\u0151tt d\u00edjmentesen gyakorolja az el\u00e1ll\u00e1si jog\u00e1t, valamint a Szolg\u00e1ltat\u00e1s m\u00f3dos\u00edt\u00e1s\u00e1ra is d\u00edjmentesen ker\u00fcl sor.<\/p>\n<p>3. A Szolg\u00e1ltat\u00e1s El\u0151k\u00e9sz\u00fclet\u00e9nek Kezd\u0151 Id\u0151pontj\u00e1t k\u00f6vet\u0151en a jelen \u00c1SZF XIV.\/2. pontj\u00e1ban meghat\u00e1rozott felmond\u00e1si jogot gyakorolhatja az \u00dcgyf\u00e9l. A felmond\u00e1si jog kapcs\u00e1n b\u0151vebb t\u00e1j\u00e9koztat\u00e1st a jelen \u00c1SZF XIV.\/2. pontj\u00e1ban tal\u00e1l.<\/p>\n<p>4. Amennyiben az \u00dcgyf\u00e9l a takar\u00edt\u00e1sra leegyeztetett id\u0151pontot megel\u0151z\u0151 24-2 \u00f3r\u00e1n bel\u00fcl felmondja a Szolg\u00e1ltat\u00e1st, akkor 5000,- Ft \u00f6sszeg felmond\u00e1si d\u00edjat kell megfizetnie az \u00dczemeltet\u0151 r\u00e9sz\u00e9re.<\/p>\n<p>5. Amennyiben az \u00dcgyf\u00e9l a takar\u00edt\u00e1sra leegyeztetett id\u0151pontot megel\u0151z\u0151 2 \u00f3r\u00e1n bel\u00fcl mondja fel a Szolg\u00e1ltat\u00e1st, akkor a Szolg\u00e1ltat\u00e1si d\u00edj teljes \u00f6sszeg\u00e9t k\u00f6teles megfizetni az \u00dcgyf\u00e9l az \u00dczemeltet\u0151 r\u00e9sz\u00e9re.<\/p>\n<p>6. A Szolg\u00e1ltat\u00e1s \u00dcgyf\u00e9l \u00e1ltali meghi\u00fasul\u00e1sa eset\u00e9n (pl.: elfelejti a megrendelt Szolg\u00e1ltat\u00e1st, nincs otthon a Szolg\u00e1ltat\u00e1s leegyeztetett id\u0151pontj\u00e1ban, a takar\u00edt\u00f3k r\u00e9sz\u00e9re \u00e1tadott kulcs rossz) a Szolg\u00e1ltat\u00e1si d\u00edj teljes \u00f6sszeg\u00e9t k\u00f6teles megfizetni az \u00dcgyf\u00e9l az \u00dczemeltet\u0151 r\u00e9sz\u00e9re. Amennyiben az \u00dcgyf\u00e9l azt \u00e1ll\u00edtja, hogy a Szolg\u00e1ltat\u00e1s leegyeztetett id\u0151pontj\u00e1ban otthon tart\u00f3zkodott, akkor ennek t\u00e9ny\u00e9t az \u00dcgyf\u00e9lnek kell bizony\u00edtania.<\/p>\n<p>7. Amennyiben a takar\u00edt\u00f3knak az \u00dcgyf\u00e9l hib\u00e1j\u00e1b\u00f3l v\u00e1rniuk kell 15 percn\u00e9l t\u00f6bbet a Szolg\u00e1ltat\u00e1s, azaz a takar\u00edt\u00e1s megkezd\u00e9s\u00e9vel, akkor a kisz\u00e1ll\u00e1s d\u00edj\u00e1t is k\u00f6teles az \u00dcgyf\u00e9l megfizetni az \u00dczemeltet\u0151 r\u00e9sz\u00e9re a Szolg\u00e1ltat\u00e1si d\u00edj teljes \u00f6sszeg\u00e9n fel\u00fcl. A kisz\u00e1ll\u00e1s d\u00edj\u00e1t a Weboldal tartalmazza.<\/p>\n<p>X. Az \u00dcgyf\u00e9l k\u00f6telezetts\u00e9gei<\/p>\n<p>1. Az \u00dcgyf\u00e9l a Szolg\u00e1ltat\u00e1s megrendel\u00e9sekor a jelen \u00c1SZF VII.\/1.3. pontj\u00e1ban r\u00f6gz\u00edtett lehet\u0151s\u00e9gek k\u00f6z\u00fcl v\u00e1laszthat. Amennyiben az \u00dcgyf\u00e9l a Szolg\u00e1ltat\u00e1s ny\u00fajt\u00e1s\u00e1t az \u00dcgyf\u00e9l rendelkez\u00e9s\u00e9re \u00e1ll\u00f3 takar\u00edt\u00f3eszk\u00f6zeivel rendeli meg, akkor k\u00f6teles m\u0171k\u00f6d\u0151k\u00e9pes, tiszta, haszn\u00e1latra k\u00e9sz takar\u00edt\u00f3eszk\u00f6z\u00f6ket biztos\u00edtani. Amennyiben az \u00dcgyf\u00e9l \u00e1ltal biztos\u00edtott takar\u00edt\u00f3eszk\u00f6z\u00f6k nem teszik lehet\u0151v\u00e9 a megfelel\u0151 Szolg\u00e1ltat\u00e1s ny\u00fajt\u00e1s\u00e1t, akkor az \u00dczemeltet\u0151 ut\u00f3lag is felsz\u00e1m\u00edthatja a takar\u00edt\u00f3eszk\u00f6z\u00f6k biztos\u00edt\u00e1s\u00e1val felmer\u00fclt k\u00f6lts\u00e9geket az \u00dcgyf\u00e9l r\u00e9sz\u00e9re.<\/p>\n<p>2. Az \u00dcgyf\u00e9l k\u00f6teles gondoskodni a biztons\u00e1gos munkav\u00e9gz\u00e9s hely\u00e9r\u0151l.<\/p>\n<p>3. Az \u00dcgyf\u00e9l nem k\u00e9rheti fel az \u00dczemeltet\u0151 \u00e1ltal alkalmazott takar\u00edt\u00f3kat munkav\u00e9gz\u00e9sre az \u00dczemeltet\u0151 megker\u00fcl\u00e9s\u00e9vel a takar\u00edt\u00f3 alkalmazottak szerz\u0151d\u00e9seinek ideje alatt, illetve az \u00dczemeltet\u0151 \u00e9s az alkalmazott takar\u00edt\u00f3k k\u00f6z\u00f6tti munkaszerz\u0151d\u00e9s megsz\u0171n\u00e9s\u00e9t k\u00f6vet\u0151 f\u00e9l \u00e9ven bel\u00fcl.<\/p>\n<p>4. Amennyiben az \u00dcgyf\u00e9l a jelen \u00c1SZF X.\/3 pontj\u00e1ban foglalt k\u00f6telezetts\u00e9g\u00e9t megszegi, akkor az \u00dcgyf\u00e9l k\u00f6tb\u00e9r fizet\u00e9s\u00e9re k\u00f6teles az \u00dczemeltet\u0151 fel\u00e9, amelynek \u00f6sszege 200.000,- Ft \u00f6sszeg.<\/p>\n<p>XI. Szerz\u0151i jogok<\/p>\n<p>1. A Weboldal szerz\u0151i jogv\u00e9delem alatt \u00e1ll. Az \u00dczemeltet\u0151 a szerz\u0151i jogi jogosultja vagy a feljogos\u00edtott \u00dcgyfele a Weboldalon megjelen\u00edtett, nem \u00dcgyf\u00e9lt\u00f3l sz\u00e1rmaz\u00f3 valamennyi tartalomnak, b\u00e1rmely szerz\u0151i m\u0171nek, illetve m\u00e1s szellemi alkot\u00e1snak (ide\u00e9rtve t\u00f6bbek k\u00f6zt valamennyi grafik\u00e1t \u00e9s egy\u00e9b anyagokat, a Weboldal elrendez\u00e9s\u00e9t, szerkeszt\u00e9s\u00e9t, a haszn\u00e1lt szoftveres \u00e9s egy\u00e9b megold\u00e1sokat, \u00f6tletet, megval\u00f3s\u00edt\u00e1st).<\/p>\n<p>2. \u00dczemeltet\u0151 valamennyi, a Weboldalon szerepl\u0151, nem \u00dcgyf\u00e9lt\u0151l sz\u00e1rmaz\u00f3 v\u00e9djegy (m\u00e1rkan\u00e9v, logo stb.) haszn\u00e1lat\u00e1ra jogosult. A Weboldal haszn\u00e1lata, illetve az \u00c1SZF egyetlen rendelkez\u00e9se sem biztos\u00edt jogot \u00dcgyf\u00e9lnak a Weboldalon szerepl\u0151 b\u00e1rmely kereskedelmi n\u00e9vnek vagy v\u00e9djegynek b\u00e1rmely haszn\u00e1lat\u00e1ra, hasznos\u00edt\u00e1s\u00e1ra.<\/p>\n<p>3. A Weboldal rendeltet\u00e9sszer\u0171 haszn\u00e1lat\u00e1val j\u00e1r\u00f3 megjelen\u00edt\u00e9sen, az ehhez sz\u00fcks\u00e9ges ideiglenes t\u00f6bbsz\u00f6r\u00f6z\u00e9sen \u00e9s a mag\u00e1nc\u00e9l\u00fa m\u00e1solatk\u00e9sz\u00edt\u00e9sen t\u00fal ezen szellemi alkot\u00e1sok az \u00dczemeltet\u0151 el\u0151zetes \u00edr\u00e1sbeli enged\u00e9lye n\u00e9lk\u00fcl semmilyen egy\u00e9b form\u00e1ban nem haszn\u00e1lhat\u00f3k fel vagy hasznos\u00edthat\u00f3k.<\/p>\n<p>XII. A szerz\u0151d\u00e9s tartalm\u00e1nak egyoldal\u00fa m\u00f3dos\u00edt\u00e1sa \u00e9s a szerz\u0151d\u00e9s megsz\u00fcntet\u00e9se<\/p>\n<p>1. Az \u00dczemeltet\u0151 fenntartja mag\u00e1nak a jogot, hogy az \u00c1SZF-et m\u00f3dos\u00edtsa a Polg\u00e1ri t\u00f6rv\u00e9nyk\u00f6nyvr\u0151l sz\u00f3l\u00f3 2013. \u00e9vi V. t\u00f6rv\u00e9ny 6:191. \u00a7 (4) bekezd\u00e9se alapj\u00e1n. Az \u00c1SZF kezd\u0151 id\u0151beli hat\u00e1ly\u00e1t az oldal tetej\u00e9n a c\u00edm alatti d\u00e1tum jelzi. Az \u00c1SZF m\u00f3dos\u00edt\u00e1s\u00e1r\u00f3l az \u00dczemeltet\u0151 \u00d6nnek a megrendel\u00e9s sor\u00e1n megadott e-mail c\u00edm\u00e9re \u00e9rtes\u00edt\u00e9st k\u00fcld. K\u00e9rj\u00fck, 15 napon bel\u00fcl jelezze, amennyiben a m\u00f3dos\u00edtott \u00c1SZF-t nem k\u00edv\u00e1nja elfogadni. Amennyiben ezt 15 napon bel\u00fcl nem jelzi r\u00e9sz\u00fcnkre, azzal a m\u00f3dos\u00edtott \u00c1SZF-t elfogadja. Amennyiben 15 napon bel\u00fcl jelzi, hogy nem k\u00edv\u00e1nja elfogadni a m\u00f3dos\u00edtott \u00c1SZF-t, azt tudom\u00e1sul vessz\u00fck, de t\u00e1j\u00e9koztatjuk \u00d6nt arr\u00f3l, hogy akkor nem tudja ig\u00e9nybe venni a Weboldal szolg\u00e1ltat\u00e1sait. Az \u00c1SZF csak alapos okkal m\u00f3dos\u00edthat\u00f3, amely a Weboldal m\u0171k\u00f6d\u00e9s\u00e9nek l\u00e9nyeges v\u00e1ltoz\u00e1s\u00e1t jelentheti, jogszab\u00e1lyi v\u00e1ltoz\u00e1st, hat\u00f3s\u00e1gi hat\u00e1rozatot, akci\u00f3kat, \u00faj szolg\u00e1ltat\u00e1sokat, stb. Az \u00c1SZF m\u00f3dos\u00edt\u00e1s\u00e1t a Weboldal is k\u00fcl\u00f6n jelzi.<\/p>\n<p>2. Felek jogviszonyukat k\u00f6z\u00f6s akarattal \u00edr\u00e1sban m\u00f3dos\u00edthatj\u00e1k, illetve megsz\u00fcntethetik.<\/p>\n<p>3. S\u00falyos szerz\u0151d\u00e9sszeg\u00e9s eset\u00e9n a Felek a jogviszonyukat azonnali hat\u00e1llyal felmondhatj\u00e1k. S\u00falyos szerz\u0151d\u00e9sszeg\u00e9s esetei, t\u00f6bbek k\u00f6z\u00f6tt (nem taxat\u00edv felsorol\u00e1s)<\/p>\n<ul>\n<li>az \u00dcgyf\u00e9l d\u00edjfizet\u00e9si, illetve egy\u00e9b fizet\u00e9si k\u00f6telezetts\u00e9g\u00e9nek hat\u00e1rid\u0151n bel\u00fcl nem tesz eleget,<\/li>\n<li>az \u00dcgyf\u00e9l jelen \u00c1SZF-ben v\u00e1llalt l\u00e9nyeges k\u00f6telezetts\u00e9g\u00e9t, vagy tilalmat megszegi,<\/li>\n<li>b\u00e1rmelyik f\u00e9l egy\u00e9b k\u00f6telezetts\u00e9g\u00e9nek hat\u00e1rid\u0151n bel\u00fcl neki felr\u00f3hat\u00f3 m\u00f3don nem tesz eleget \u00e9s ezt a mulaszt\u00e1s\u00e1t a m\u00e1sik f\u00e9l \u00edr\u00e1sbeli felsz\u00f3l\u00edt\u00e1s\u00e1nak k\u00e9zhezv\u00e9tel\u00e9t\u0151l sz\u00e1m\u00edtott 15 napon bel\u00fcl nem orvosolja.<\/li>\n<\/ul>\n<p>XIII. Az \u00dcgyfeleket megillet\u0151 el\u00e1ll\u00e1si jog \u00e9s felmond\u00e1si jog<\/p>\n<p>Jelen fejezetre a Polg\u00e1ri T\u00f6rv\u00e9nyk\u00f6nyvr\u0151l sz\u00f3l\u00f3 2013. \u00e9vi V. t\u00f6rv\u00e9ny rendelkez\u00e9sei az ir\u00e1nyad\u00f3ak.<\/p>\n<p>XIV. A Fogyaszt\u00f3kat megillet\u0151 el\u00e1ll\u00e1si jog \u00e9s felmond\u00e1si jog<\/p>\n<p>Jelen fejezet rendelkez\u00e9sei kiz\u00e1r\u00f3lag a Fogyaszt\u00f3kra vonatkoznak.<\/p>\n<p>1. El\u00e1ll\u00e1si jog<\/p>\n<p>Mi az el\u00e1ll\u00e1si jog?<\/p>\n<p>Az \u00fczlethelyis\u00e9gen k\u00edv\u00fcl k\u00f6t\u00f6tt \u00e9s a t\u00e1voll\u00e9v\u0151k k\u00f6z\u00f6tt k\u00f6t\u00f6tt szerz\u0151d\u00e9s eset\u00e9n a Fogyaszt\u00f3t indokol\u00e1s n\u00e9lk\u00fcli el\u00e1ll\u00e1si jog illeti meg. Az el\u00e1ll\u00e1si jog a Fogyaszt\u00f3t addig illeti meg, ameddig az \u00dczemeltet\u0151 nem kezdi meg a szolg\u00e1ltat\u00e1s ny\u00fajt\u00e1s\u00e1t. Azt k\u00f6vet\u0151en a Fogyaszt\u00f3t felmond\u00e1si jog illeti meg.<\/p>\n<p>Az el\u00e1ll\u00e1si jog hogyan \u00e9s mikor gyakorolhat\u00f3?<\/p>\n<p>A Fogyaszt\u00f3 az el\u00e1ll\u00e1si jog\u00e1t szolg\u00e1ltat\u00e1s ny\u00fajt\u00e1s\u00e1ra ir\u00e1nyul\u00f3 szerz\u0151d\u00e9s eset\u00e9ben a szerz\u0151d\u00e9s megk\u00f6t\u00e9s\u00e9nek napj\u00e1t\u00f3l sz\u00e1m\u00edtott tizenn\u00e9gy napon bel\u00fcl gyakorolhatja.<\/p>\n<p>Ha \u00d6n felmond\u00e1si jog\u00e1val \u00e9lni k\u00edv\u00e1n, el\u00e1ll\u00e1si sz\u00e1nd\u00e9k\u00e1t tartalmaz\u00f3 egy\u00e9rtelm\u0171 nyilatkozat\u00e1t k\u00f6teles eljuttatni (p\u00e9ld\u00e1ul post\u00e1n, telefaxon vagy elektronikus \u00faton k\u00fcld\u00f6tt lev\u00e9l, e-mail \u00fatj\u00e1n) az al\u00e1bbi c\u00edmre: 6723 Szeged, G\u00e1t u. 4\/A 5\/13. Ebb\u0151l a c\u00e9lb\u00f3l felhaszn\u00e1lhatja jelen \u00c1SZF 1. sz\u00e1m\u00fa mell\u00e9klet\u00e9t k\u00e9pez\u0151 nyilatkozat-mint\u00e1t is. \u00d6n hat\u00e1rid\u0151ben gyakorolja el\u00e1ll\u00e1si jog\u00e1t, ha a fent megjel\u00f6lt hat\u00e1rid\u0151 lej\u00e1rta el\u0151tt elk\u00fcldi el\u00e1ll\u00e1si nyilatkozat\u00e1t. T\u00e1j\u00e9koztatjuk, hogy az el\u00e1ll\u00e1si sz\u00e1nd\u00e9k\u00e1t tartalmaz\u00f3 egy\u00e9rtelm\u0171 nyilatkozat\u00e1t csak a megrendel\u00e9s sor\u00e1n megadott e-mail c\u00edmr\u0151l fogadjuk el.<\/p>\n<p>Mikor hosszabbodik meg a 14 napos el\u00e1ll\u00e1si hat\u00e1rid\u0151?<\/p>\n<p>Amennyiben az \u00dczemeltet\u0151 nem tesz eleget az el\u00e1ll\u00e1si joggal kapcsolatos t\u00e1j\u00e9koztat\u00e1si k\u00f6telezetts\u00e9g\u00e9nek, \u00fagy az el\u00e1ll\u00e1si hat\u00e1rid\u0151 12 h\u00f3nappal meghosszabbodik.<\/p>\n<p>2. Felmond\u00e1si jog<\/p>\n<p>Mi a felmond\u00e1si jog?<\/p>\n<p>Jelen Weboldalon az \u00dczemeltet\u0151 takar\u00edt\u00e1si szolg\u00e1ltat\u00e1st ny\u00fajt az \u00dcgyf\u00e9l r\u00e9sz\u00e9re. Ez Szolg\u00e1ltat\u00e1snak min\u0151s\u00fcl. Ez\u00e9rt a Korm\u00e1nyrendelet 20. \u00a7 (1) bekezd\u00e9s\u00e9nek \u00e9rtelm\u00e9ben amennyiben k\u00e9ri, hogy az \u00dczemeltet\u0151 a felmond\u00e1si jog gyakorl\u00e1s\u00e1ra nyitva \u00e1ll\u00f3 hat\u00e1rid\u0151n bel\u00fcl kezdje meg a Szolg\u00e1ltat\u00e1s ny\u00fajt\u00e1s\u00e1t, akkor az erre ir\u00e1nyul\u00f3 nyilatkozat megt\u00e9tel\u00e9t k\u00f6vet\u0151en, ha a teljes\u00edt\u00e9s megkezd\u0151dik, akkor \u00d6nt a jelen fejezetben meghat\u00e1rozott hat\u00e1rid\u0151n bel\u00fcl indokol\u00e1s n\u00e9lk\u00fcli felmond\u00e1si jog illeti meg.<\/p>\n<p>A felmond\u00e1si jog hogyan \u00e9s mikor gyakorolhat\u00f3?<\/p>\n<p>Ha a szolg\u00e1ltat\u00e1s ny\u00fajt\u00e1s\u00e1ra ir\u00e1nyul\u00f3 szerz\u0151d\u00e9s eset\u00e9n a szerz\u0151d\u00e9s teljes\u00edt\u00e9se megkezd\u0151d\u00f6tt, \u00d6n jogosult 14 napon bel\u00fcl indokol\u00e1s n\u00e9lk\u00fcl felmondani a szerz\u0151d\u00e9st.<\/p>\n<p>Ha \u00d6n felmond\u00e1si jog\u00e1val \u00e9lni k\u00edv\u00e1n, felmond\u00e1si sz\u00e1nd\u00e9k\u00e1t tartalmaz\u00f3 egy\u00e9rtelm\u0171 nyilatkozat\u00e1t k\u00f6teles eljuttatni (p\u00e9ld\u00e1ul post\u00e1n, telefaxon vagy elektronikus \u00faton k\u00fcld\u00f6tt lev\u00e9l, e-mail \u00fatj\u00e1n) az al\u00e1bbi c\u00edmre: 6723 Szeged, G\u00e1t u. 4\/A 5\/13. Ebb\u0151l a c\u00e9lb\u00f3l felhaszn\u00e1lhatja jelen \u00c1SZF 1. sz\u00e1m\u00fa mell\u00e9klet\u00e9t k\u00e9pez\u0151 nyilatkozat-mint\u00e1t is. \u00d6n hat\u00e1rid\u0151ben gyakorolja felmond\u00e1si jog\u00e1t, ha a fent megjel\u00f6lt hat\u00e1rid\u0151 lej\u00e1rta el\u0151tt elk\u00fcldi felmond\u00e1si nyilatkozat\u00e1t. T\u00e1j\u00e9koztatjuk, hogy a felmond\u00e1si sz\u00e1nd\u00e9k\u00e1t tartalmaz\u00f3 egy\u00e9rtelm\u0171 nyilatkozat\u00e1t csak a rmegrendel\u00e9s sor\u00e1n megadott e-mail c\u00edmr\u0151l fogadjuk el.<\/p>\n<p>A felmond\u00e1si jog gyakorl\u00e1sa a szerz\u0151d\u00e9s megk\u00f6t\u00e9s\u00e9nek napj\u00e1t\u00f3l sz\u00e1m\u00edtott 14 nap eltelt\u00e9vel j\u00e1r le.<\/p>\n<p>A felmond\u00e1si jog gyakorl\u00e1s\u00e1ra ir\u00e1nyul\u00f3 nyilatkozat\u00e1t abban az esetben tudjuk hat\u00e1rid\u0151ben \u00e9rv\u00e9nyes\u00edtettnek tekinteni, ha \u00d6n a nyilatkozat\u00e1t a felmond\u00e1si jog gyakorl\u00e1s\u00e1ra biztos\u00edtott fenti hat\u00e1rid\u0151ben elk\u00fcldi.<\/p>\n<p>Amennyiben a szolg\u00e1ltat\u00e1s teljes\u00edt\u00e9s\u00e9t az \u00dczemeltet\u0151 megkezdi \u00e9s \u00d6n ezt k\u00f6vet\u0151en, de m\u00e9g a teljes szolg\u00e1ltat\u00e1s ny\u00fajt\u00e1s\u00e1t megel\u0151z\u0151en gyakorolja felmond\u00e1si jog\u00e1t, akkor \u00d6n k\u00f6teles a felmond\u00e1s \u00dczemeltet\u0151vel val\u00f3 k\u00f6zl\u00e9se id\u0151pontj\u00e1ig teljes\u00edtett szolg\u00e1ltat\u00e1ssal ar\u00e1nyos d\u00edjat az \u00dczemeltet\u0151 sz\u00e1m\u00e1ra megfizetni. Hasonl\u00f3k\u00e9ppen visszat\u00e9r\u00edtj\u00fck az \u00d6n \u00e1ltal ny\u00fajtott ellenszolg\u00e1ltat\u00e1s azon r\u00e9sz\u00e9t, amely meghaladja az \u00e1ltalunk ny\u00fajtott szolg\u00e1ltat\u00e1s ellen\u00e9rt\u00e9k\u00e9t.<\/p>\n<p>Az \u00dczemeltet\u0151 k\u00f6telezetts\u00e9gei a Fogyaszt\u00f3 felmond\u00e1sa eset\u00e9n<\/p>\n<p>Felmond\u00e1s eset\u00e9n az \u00dczemeltet\u0151 a Fogyaszt\u00f3nak visszaj\u00e1r\u00f3 \u00f6sszeget a Fogyaszt\u00f3 \u00e1ltal ig\u00e9nybe vett fizet\u00e9si m\u00f3ddal megegyez\u0151 m\u00f3don t\u00e9r\u00edti vissza. A Fogyaszt\u00f3 kifejezett beleegyez\u00e9se alapj\u00e1n az \u00dczemeltet\u0151 a visszat\u00e9r\u00edt\u00e9sre m\u00e1s fizet\u00e9si m\u00f3dot is alkalmazhat, de a Fogyaszt\u00f3t ebb\u0151l ad\u00f3d\u00f3an semmilyen t\u00f6bbletd\u00edj nem terhelheti.<\/p>\n<p>XV. Az \u00dcgyfelekre vonatkoz\u00f3 kell\u00e9kszavatoss\u00e1g (hib\u00e1s teljes\u00edt\u00e9s)<\/p>\n<p>Jelen fejezetre a Polg\u00e1ri T\u00f6rv\u00e9nyk\u00f6nyvr\u0151l sz\u00f3l\u00f3 2013. \u00e9vi V. t\u00f6rv\u00e9ny rendelkez\u00e9sei az ir\u00e1nyad\u00f3ak.<\/p>\n<p>XVI. Fogyaszt\u00f3kra vonatkoz\u00f3 kell\u00e9kszavatoss\u00e1g (hib\u00e1s teljes\u00edt\u00e9s)<\/p>\n<p>Jelen fejezet rendelkez\u00e9sei kiz\u00e1r\u00f3lag a Fogyaszt\u00f3kra vonatkoznak.<\/p>\n<p>1. A kell\u00e9kszavatoss\u00e1gr\u00f3l, mint a Fogyaszt\u00f3t megillet\u0151 jogokr\u00f3l az al\u00e1bbiakr\u00f3l tudjuk t\u00e1j\u00e9koztatni.<\/p>\n<p>A megrendel\u00e9se alapj\u00e1n l\u00e9trej\u00f6tt szerz\u0151d\u00e9s alapj\u00e1n kell\u00e9kszavatoss\u00e1g illeti meg a Weboldal hib\u00e1s teljes\u00edt\u00e9se eset\u00e9n. A Weboldal hib\u00e1san teljes\u00edt, ha a Szolg\u00e1ltat\u00e1s a teljes\u00edt\u00e9s id\u0151pontj\u00e1ban nem felel meg a szerz\u0151d\u00e9sben vagy jogszab\u00e1lyban meg\u00e1llap\u00edtott min\u0151s\u00e9gi k\u00f6vetelm\u00e9nyeknek. Nem teljes\u00edt hib\u00e1san a Weboldal, ha a Fogyaszt\u00f3 a hib\u00e1t a szerz\u0151d\u00e9sk\u00f6t\u00e9s id\u0151pontj\u00e1ban ismerte, vagy a hib\u00e1t a szerz\u0151d\u00e9sk\u00f6t\u00e9s id\u0151pontj\u00e1ban ismernie kellett.<\/p>\n<p>Milyen esetben \u00e9lhet \u00d6n a kell\u00e9kszavatoss\u00e1gi jog\u00e1val?<\/p>\n<p>\u00d6n az \u00dczemeltet\u0151 hib\u00e1s teljes\u00edt\u00e9se eset\u00e9n az \u00dczemeltet\u0151vel szemben kell\u00e9kszavatoss\u00e1gi ig\u00e9nyt \u00e9rv\u00e9nyes\u00edthet a Polg\u00e1ri T\u00f6rv\u00e9nyk\u00f6nyv szab\u00e1lyai szerint.<\/p>\n<p>Milyen jogok illetik meg \u00d6nt kell\u00e9kszavatoss\u00e1gi ig\u00e9nye alapj\u00e1n?<\/p>\n<p>\u00d6n \u2013 v\u00e1laszt\u00e1sa szerint-az al\u00e1bbi kell\u00e9kszavatoss\u00e1gi ig\u00e9nyekkel \u00e9lhet:<\/p>\n<p>K\u00e9rhet kijav\u00edt\u00e1st, kiv\u00e9ve, ha az ig\u00e9ny teljes\u00edt\u00e9se lehetetlen vagy az \u00dczemeltet\u0151 sz\u00e1m\u00e1ra m\u00e1s ig\u00e9nye teljes\u00edt\u00e9s\u00e9hez k\u00e9pest ar\u00e1nytalan t\u00f6bbletk\u00f6lts\u00e9ggel j\u00e1rna. Ha kijav\u00edt\u00e1st nem k\u00e9rt, ill. nem k\u00e9rhette, \u00fagy ig\u00e9nyelheti az ellenszolg\u00e1ltat\u00e1s ar\u00e1nyos lesz\u00e1ll\u00edt\u00e1s\u00e1t vagy a hib\u00e1t az \u00dczemeltet\u0151 k\u00f6lts\u00e9g\u00e9re \u00d6n is kijav\u00edthatja, illetve m\u00e1ssal kijav\u00edttathatja vagy \u2013 v\u00e9gs\u0151 esetben \u2013 a szerz\u0151d\u00e9st\u0151l is el\u00e1llhat.<\/p>\n<p>V\u00e1lasztott kell\u00e9kszavatoss\u00e1gi jog\u00e1r\u00f3l egy m\u00e1sikra is \u00e1tt\u00e9rhet, az \u00e1tt\u00e9r\u00e9s k\u00f6lts\u00e9g\u00e9t azonban \u00d6n viseli, kiv\u00e9ve, ha az indokolt volt, vagy arra az \u00dczemeltet\u0151 adott okot.<\/p>\n<p>Milyen hat\u00e1rid\u0151ben \u00e9rv\u00e9nyes\u00edtheti \u00d6n kell\u00e9kszavatoss\u00e1gi ig\u00e9ny\u00e9t?<\/p>\n<p>\u00d6n k\u00f6teles a hib\u00e1t annak felfedez\u00e9se ut\u00e1n halad\u00e9ktalanul, de nem k\u00e9s\u0151bb, mint a hiba felfedez\u00e9s\u00e9t\u0151l sz\u00e1m\u00edtott egy \u00e9ven bel\u00fcl k\u00f6z\u00f6lni. Ugyanakkor felh\u00edvjuk a figyelm\u00e9t, hogy a szerz\u0151d\u00e9s teljes\u00edt\u00e9s\u00e9t\u0151l sz\u00e1m\u00edtott k\u00e9t \u00e9ves el\u00e9v\u00fcl\u00e9si hat\u00e1rid\u0151n t\u00fal kell\u00e9kszavatoss\u00e1gi jogait m\u00e1r nem \u00e9rv\u00e9nyes\u00edtheti.<\/p>\n<p>Kivel szemben \u00e9rv\u00e9nyes\u00edtheti kell\u00e9kszavatoss\u00e1gi ig\u00e9ny\u00e9t?<\/p>\n<p>\u00d6n az \u00dczemeltet\u0151vel szemben \u00e9rv\u00e9nyes\u00edtheti kell\u00e9kszavatoss\u00e1gi ig\u00e9ny\u00e9t.<\/p>\n<p>Milyen egy\u00e9b felt\u00e9tele van kell\u00e9kszavatoss\u00e1gi jogai \u00e9rv\u00e9nyes\u00edt\u00e9s\u00e9nek?<\/p>\n<p>A teljes\u00edt\u00e9st\u0151l sz\u00e1m\u00edtott hat h\u00f3napon bel\u00fcl a kell\u00e9kszavatoss\u00e1gi ig\u00e9nye \u00e9rv\u00e9nyes\u00edt\u00e9s\u00e9nek a hiba k\u00f6zl\u00e9s\u00e9n t\u00fal nincs egy\u00e9b felt\u00e9tele, ha \u00d6n igazolja, hogy a szolg\u00e1ltat\u00e1st az \u00dczemeltet\u0151 ny\u00fajtotta. A teljes\u00edt\u00e9st\u0151l sz\u00e1m\u00edtott hat h\u00f3nap eltelte ut\u00e1n azonban m\u00e1r \u00d6n k\u00f6teles bizony\u00edtani, hogy az \u00d6n \u00e1ltal felismert hiba m\u00e1r a teljes\u00edt\u00e9s id\u0151pontj\u00e1ban is megvolt.<\/p>\n<p>2. Jelen Weboldalon \u00d6n term\u00e9ket nem tud v\u00e1s\u00e1rolni, csak szolg\u00e1ltat\u00e1st, ez\u00e9rt a term\u00e9kszavatoss\u00e1gi ig\u00e9ny fogalmilag kiz\u00e1rt.<\/p>\n<p>XVII. A panaszkezel\u00e9s m\u00f3dja<\/p>\n<p>Jelen fejezet rendelkez\u00e9sei kiz\u00e1r\u00f3lag a Fogyaszt\u00f3kra vonatkoznak.<\/p>\n<p>1. Az \u00dczemeltet\u0151 sz\u00e9khelye, a panasz\u00fcgyint\u00e9z\u00e9s helye, az \u00fcgyf\u00e9lszolg\u00e1lat\u00e1nak levelez\u00e9si c\u00edme, elektronikus levelez\u00e9si c\u00edme, internetes c\u00edme \u00e9s telefonsz\u00e1ma az \u00c1SZF I. pontj\u00e1ban tal\u00e1lhat\u00f3.<\/p>\n<p>2. Az \u00dcgyf\u00e9l az \u00dczemeltet\u0151nek a Szolg\u00e1ltat\u00e1s ny\u00fajt\u00e1s\u00e1val, illetve \u00e9rt\u00e9kes\u00edt\u00e9s\u00e9vel k\u00f6zvetlen kapcsolatban \u00e1ll\u00f3 magatart\u00e1s\u00e1ra, tev\u00e9kenys\u00e9g\u00e9re vagy mulaszt\u00e1s\u00e1ra vonatkoz\u00f3 panasz\u00e1t sz\u00f3ban vagy \u00edr\u00e1sban k\u00f6z\u00f6lheti az \u00dczemeltet\u0151vel. Az \u00dczemeltet\u0151 a sz\u00f3beli panaszt azonnal megvizsg\u00e1lja, \u00e9s lehet\u0151s\u00e9g szerint azonnal orvosolja. Ha az \u00dcgyf\u00e9l a panasz kezel\u00e9s\u00e9vel nem \u00e9rt egyet, vagy a panasz azonnali kivizsg\u00e1l\u00e1sa nem lehets\u00e9ges, az \u00dczemeltet\u0151 a panaszr\u00f3l \u00e9s az azzal kapcsolatos \u00e1ll\u00e1spontj\u00e1r\u00f3l halad\u00e9ktalanul k\u00f6teles jegyz\u0151k\u00f6nyvet felvenni, \u00e9s annak egy m\u00e1solati p\u00e9ld\u00e1ny\u00e1t szem\u00e9lyesen k\u00f6z\u00f6lt sz\u00f3beli panasz eset\u00e9n helyben az \u00dcgyf\u00e9lnek \u00e1tadni, telefonon vagy egy\u00e9b elektronikus h\u00edrk\u00f6zl\u00e9si szolg\u00e1ltat\u00e1s felhaszn\u00e1l\u00e1s\u00e1val k\u00f6z\u00f6lt sz\u00f3beli panasz eset\u00e9n az \u00dcgyf\u00e9lnek legk\u00e9s\u0151bb az \u00e9rdemi v\u00e1lasszal egyidej\u0171leg megk\u00fcldeni.<\/p>\n<p>3. Az \u00edr\u00e1sbeli panaszt az \u00dczemeltet\u0151 a be\u00e9rkez\u00e9s\u00e9t k\u00f6vet\u0151en harminc (30) napon bel\u00fcl \u00edr\u00e1sban \u00e9rdemben megv\u00e1laszolja, \u00e9s az \u00dcgyf\u00e9lnek megk\u00fcldi a fenti jegyz\u0151k\u00f6nyvvel egy\u00fctt e-mail form\u00e1j\u00e1ban. A panaszt elutas\u00edt\u00f3 \u00e1ll\u00e1spontj\u00e1t az \u00dczemeltet\u0151 indokolni k\u00f6teles. A panasz elutas\u00edt\u00e1sa eset\u00e9n az \u00dczemeltet\u0151 k\u00f6teles az \u00dcgyf\u00e9lt \u00edr\u00e1sban t\u00e1j\u00e9koztatni arr\u00f3l, hogy panasz\u00e1val \u2013 annak jellege szerint \u2013 mely hat\u00f3s\u00e1g vagy a b\u00e9k\u00e9ltet\u0151 test\u00fclet elj\u00e1r\u00e1s\u00e1t kezdem\u00e9nyezheti. Meg kell adni az illet\u00e9kes hat\u00f3s\u00e1g, illetve az \u00dczemeltet\u0151 sz\u00e9khelye szerinti b\u00e9k\u00e9ltet\u0151 test\u00fclet levelez\u00e9si c\u00edm\u00e9t.<\/p>\n<p>4. Elutas\u00edt\u00f3 v\u00e1lasz eset\u00e9n a megyei (f\u0151v\u00e1rosi) kereskedelmi \u00e9s iparkamar\u00e1k mellett m\u0171k\u00f6d\u0151 f\u00fcggetlen b\u00e9k\u00e9ltet\u0151 test\u00fcletekhez fordulhat:<\/p>\n<table cellspacing=\"0\" cellpadding=\"0\">\n<tbody>\n<tr>\n<td valign=\"top\">\u2022 Baranya Megyei B\u00e9k\u00e9ltet\u0151 Test\u00fclet<\/p>\n<p>C\u00edme: 7625 P\u00e9cs, Majorosy Imre u. 36.<\/p>\n<p>Levelez\u00e9si c\u00edme: 7602 P\u00e9cs, Pf. 109.<\/p>\n<p>Telefonsz\u00e1ma:\u00a0<a href=\"tel:(72)%20507-154\" target=\"_blank\" rel=\"noopener\">(72) 507-154<\/a><\/p>\n<p>Fax sz\u00e1ma:\u00a0<a href=\"tel:(72)%20507-152\" target=\"_blank\" rel=\"noopener\">(72) 507-152<\/a><\/p>\n<p>Eln\u00f6k: Dr. Bodn\u00e1r J\u00f3zsef<\/p>\n<p>E-mail c\u00edm:\u00a0<a href=\"mailto:kerelem@baranyabekeltetes.hu\" target=\"_blank\" rel=\"noopener\">kerelem@baranyabekeltetes<wbr \/>.hu<\/a>,<\/p>\n<p><a href=\"mailto:info@baranyabekeltetes.hu\" target=\"_blank\" rel=\"noopener\">info@baranyabekeltetes.hu<\/a><\/p>\n<p>\u2022B\u00e1cs-Kiskun Megyei B\u00e9k\u00e9ltet\u0151 Test\u00fclet<\/p>\n<p>C\u00edme: 6000 Kecskem\u00e9t, \u00c1rp\u00e1d krt. 4.<\/p>\n<p>Telefonsz\u00e1ma:\u00a0<a href=\"tel:(76)%20501-525\" target=\"_blank\" rel=\"noopener\">(76) 501-525<\/a>,\u00a0<a href=\"tel:(76)%20501-532\" target=\"_blank\" rel=\"noopener\">(76) 501-532<\/a><\/p>\n<p>Fax sz\u00e1ma:\u00a0<a href=\"tel:(76)%20501-538\" target=\"_blank\" rel=\"noopener\">(76) 501-538<\/a><\/p>\n<p>Eln\u00f6k: Dr. Horv\u00e1th Zsuzsanna<\/p>\n<p>E-mail c\u00edm:\u00a0<a href=\"mailto:bekeltetes@bacsbekeltetes.hu\" target=\"_blank\" rel=\"noopener\">bekeltetes@bacsbekeltetes<wbr \/>.hu<\/a><\/p>\n<p>\u2022Budapesti B\u00e9k\u00e9ltet\u0151 Test\u00fclet<\/p>\n<p>C\u00edme: 1016 Budapest, Krisztina krt. 99.<\/p>\n<p>Telefonsz\u00e1ma:\u00a0<a href=\"tel:(1)%20488-2131\" target=\"_blank\" rel=\"noopener\">(1) 488-2131<\/a><\/p>\n<p>Fax sz\u00e1ma:\u00a0<a href=\"tel:(1)%20488-2186\" target=\"_blank\" rel=\"noopener\">(1) 488-2186<\/a><\/p>\n<p>Eln\u00f6k: Dr. Baranovszky Gy\u00f6rgy<\/p>\n<p>E-mail c\u00edm:\u00a0<a href=\"mailto:bekelteto.testulet@bkik.hu\" target=\"_blank\" rel=\"noopener\">bekelteto.testulet@bkik.h<wbr \/>u<\/a><\/p>\n<p>\u2022Csongr\u00e1d Megyei B\u00e9k\u00e9ltet\u0151 Test\u00fclet<\/p>\n<p>C\u00edme: 6721 Szeged, P\u00e1rizsi krt. 8-12.<\/p>\n<p>Telefonsz\u00e1ma:\u00a0<a href=\"tel:(62)%20554-250\/118\" target=\"_blank\" rel=\"noopener\">(62) 554-250\/118<\/a>\u00a0mell\u00e9k<\/p>\n<p>Fax sz\u00e1ma:\u00a0<a href=\"tel:(62)%20426-149\" target=\"_blank\" rel=\"noopener\">(62) 426-149<\/a><\/p>\n<p>Eln\u00f6k: Dr. Horv\u00e1th K\u00e1roly<\/p>\n<p>E-mail c\u00edm:\u00a0<a href=\"mailto:info@csmkik.hu\" target=\"_blank\" rel=\"noopener\">info@csmkik.hu<\/a><\/td>\n<td valign=\"top\">\u2022 B\u00e9k\u00e9s Megyei B\u00e9k\u00e9ltet\u0151 Test\u00fclet<\/p>\n<p>C\u00edme: 5600 B\u00e9k\u00e9scsaba, Penza ltp. 5.<\/p>\n<p>Telefonsz\u00e1ma:\u00a0<a href=\"tel:(66)%20324-976\" target=\"_blank\" rel=\"noopener\">(66) 324-976<\/a>, 446-354, 451- \u00a0 775<\/p>\n<p>Fax sz\u00e1ma:\u00a0<a href=\"tel:(66)%20324-976\" target=\"_blank\" rel=\"noopener\">(66) 324-976<\/a><\/p>\n<p>Eln\u00f6k: Dr. Bagdi L\u00e1szl\u00f3<\/p>\n<p>E-mail c\u00edm:\u00a0<a href=\"mailto:bekeltetes@bmkik.hu\" target=\"_blank\" rel=\"noopener\">bekeltetes@bmkik.hu<\/a>;\u00a0<a href=\"mailto:bmkik@bmkik.hu\" target=\"_blank\" rel=\"noopener\">bmki<wbr \/>k@bmkik.hu<\/a><\/p>\n<p>\u2022Borsod-Aba\u00faj-Zempl\u00e9n Megyei B\u00e9k\u00e9ltet\u0151 Test\u00fclet<\/p>\n<p>C\u00edme: 3525 Miskolc, Szentp\u00e1li u. 1.<\/p>\n<p>Telefonsz\u00e1ma:\u00a0<a href=\"tel:(46)%20501-091\" target=\"_blank\" rel=\"noopener\">(46) 501-091<\/a>, 501-870<\/p>\n<p>Fax sz\u00e1ma:\u00a0<a href=\"tel:(46)%20501-099\" target=\"_blank\" rel=\"noopener\">(46) 501-099<\/a><\/p>\n<p>Eln\u00f6k: Dr. Tulip\u00e1n P\u00e9ter<\/p>\n<p>E-mail c\u00edm:\u00a0<a href=\"mailto:bekeltetes@bokik.hu\" target=\"_blank\" rel=\"noopener\">bekeltetes@bokik.hu<\/a><\/p>\n<p>\u2022J\u00e1sz-Nagykun-Szolnok Megyei B\u00e9k\u00e9ltet\u0151 Test\u00fclet<\/p>\n<p>C\u00edme: 5000 Szolnok, Verseghy park 8.<\/p>\n<p>Telefonsz\u00e1ma:\u00a0<a href=\"tel:(56)%20510-610\" target=\"_blank\" rel=\"noopener\">(56) 510-610<\/a><\/p>\n<p>Fax sz\u00e1ma:\u00a0<a href=\"tel:(56)%20370-005\" target=\"_blank\" rel=\"noopener\">(56) 370-005<\/a><\/p>\n<p>Eln\u00f6k: Dr. Lajk\u00f3n\u00e9 dr. V\u00edgh Judit<\/p>\n<p>E-mail c\u00edm:\u00a0<a href=\"mailto:bekeltetotestulet@jnszmkik.hu\" target=\"_blank\" rel=\"noopener\">bekeltetotestulet@jnszmki<wbr \/>k.hu<\/a><\/p>\n<p>\u2022Kom\u00e1rom-Esztergom Megyei B\u00e9k\u00e9ltet\u0151 Test\u00fclet<\/p>\n<p>C\u00edme: 2800 Tatab\u00e1nya, F\u0151 t\u00e9r 36.<\/p>\n<p>Telefonsz\u00e1ma:\u00a0<a href=\"tel:(34)%20513-010\" target=\"_blank\" rel=\"noopener\">(34) 513-010<\/a><\/p>\n<p>Fax sz\u00e1ma:\u00a0<a href=\"tel:(34)%20316-259\" target=\"_blank\" rel=\"noopener\">(34) 316-259<\/a><\/p>\n<p>Eln\u00f6k: Dr. Rozsny\u00f3i Gy\u00f6rgy<\/p>\n<p>E-mail c\u00edm:\u00a0<a href=\"mailto:bekeltetes@kemkik.hu\" target=\"_blank\" rel=\"noopener\">bekeltetes@kemkik.hu<\/a><\/td>\n<\/tr>\n<\/tbody>\n<\/table>\n<table cellspacing=\"0\" cellpadding=\"0\">\n<tbody>\n<tr>\n<td valign=\"top\">\u2022 Fej\u00e9r Megyei B\u00e9k\u00e9ltet\u0151 Test\u00fclet<\/p>\n<p>C\u00edme: 8000 Sz\u00e9kesfeh\u00e9rv\u00e1r, Hossz\u00fas\u00e9ta t\u00e9r 4-6.<\/p>\n<p>Telefonsz\u00e1ma:\u00a0<a href=\"tel:(22)%20510-310\" target=\"_blank\" rel=\"noopener\">(22) 510-310<\/a><\/p>\n<p>Fax sz\u00e1ma:\u00a0<a href=\"tel:(22)%20510-312\" target=\"_blank\" rel=\"noopener\">(22) 510-312<\/a><\/p>\n<p>Eln\u00f6k: Dr. V\u00e1ri Kov\u00e1cs J\u00f3zsef<\/p>\n<p>E-mail c\u00edm:\u00a0<a href=\"mailto:fmkik@fmkik.hu\" target=\"_blank\" rel=\"noopener\">fmkik@fmkik.hu<\/a>;\u00a0<a href=\"mailto:bekeltetes@fmkik.hu\" target=\"_blank\" rel=\"noopener\">bekeltete<wbr \/>s@fmkik.hu<\/a><\/p>\n<p>\u2022Gy\u0151r-Moson-Sopron Megyei B\u00e9k\u00e9ltet\u0151 Test\u00fclet<\/p>\n<p>C\u00edme: 9021 Gy\u0151r, Szent Istv\u00e1n \u00fat 10\/a.<\/p>\n<p>Telefonsz\u00e1ma:\u00a0<a href=\"tel:(96)%20520-202\" target=\"_blank\" rel=\"noopener\">(96) 520-202<\/a>; 520-217<\/p>\n<p>Fax sz\u00e1ma:\u00a0<a href=\"tel:(96)%20520-218\" target=\"_blank\" rel=\"noopener\">(96) 520-218<\/a><\/p>\n<p>Eln\u00f6k: Horv\u00e1th L\u00e1szl\u00f3<\/p>\n<p>E-mail c\u00edm:\u00a0<a href=\"mailto:bekeltetotestulet@gymskik.hu\" target=\"_blank\" rel=\"noopener\">bekeltetotestulet@gymskik<wbr \/>.hu<\/a><\/p>\n<p>\u2022Hajd\u00fa-Bihar Megyei B\u00e9k\u00e9ltet\u0151 Test\u00fclet<\/p>\n<p>C\u00edme: 4025 Debrecen, Pet\u0151fi t\u00e9r 10.<\/p>\n<p>\u00dcgyint\u00e9z\u00e9s helysz\u00edne: 4025 Debrecen V\u00f6r\u00f6smarty u. 13-15.<\/p>\n<p>Telefon:\u00a0<a href=\"tel:06-52-500-710\" target=\"_blank\" rel=\"noopener\">06-52-500-710<\/a>,\u00a0<a href=\"tel:06-52-500-745\" target=\"_blank\" rel=\"noopener\">06-52-<wbr \/>500-745<\/a><\/p>\n<p>Fax:\u00a0<a href=\"tel:06-52-500-720\" target=\"_blank\" rel=\"noopener\">06-52-500-720<\/a><\/p>\n<p>Eln\u00f6k: Dr. Hajnal Zsolt<\/p>\n<p>E-mail c\u00edm:\u00a0<a href=\"mailto:bekelteto@hbkik.hu\" target=\"_blank\" rel=\"noopener\">bekelteto@hbkik.hu<\/a><\/p>\n<p>\u2022Heves Megyei B\u00e9k\u00e9ltet\u0151 Test\u00fclet<\/p>\n<p>C\u00edme: 3300 Eger, Faiskola \u00fat 15.<\/p>\n<p>Levelez\u00e9si c\u00edme: 3301 Eger, Pf. 440.<\/p>\n<p>Telefonsz\u00e1ma:\u00a0<a href=\"tel:(36)%20416-660\/105\" target=\"_blank\" rel=\"noopener\">(36) 416-660\/105<\/a>\u00a0mell\u00e9k<\/p>\n<p>Fax sz\u00e1ma:\u00a0<a href=\"tel:(36)%20323-615\" target=\"_blank\" rel=\"noopener\">(36) 323-615<\/a><\/p>\n<p>Eln\u00f6k: Dr. Gordos Csaba<\/p>\n<p>E-mail c\u00edm:\u00a0<a href=\"mailto:bekeltetes@hkik.hu\" target=\"_blank\" rel=\"noopener\">bekeltetes@hkik.hu<\/a><\/p>\n<p>\u2022Tolna Megyei B\u00e9k\u00e9ltet\u0151 Test\u00fclet<\/p>\n<p>C\u00edme: 7100 Szeksz\u00e1rd, Arany J. u. 23-25.<\/p>\n<p>Telefonsz\u00e1ma:\u00a0<a href=\"tel:(74)%20411-661\" target=\"_blank\" rel=\"noopener\">(74) 411-661<\/a><\/p>\n<p>Fax sz\u00e1ma:\u00a0<a href=\"tel:(74)%20411-456\" target=\"_blank\" rel=\"noopener\">(74) 411-456<\/a><\/p>\n<p>Eln\u00f6k: Dr. G\u00e1ll Ferenc<\/p>\n<p>E-mail c\u00edm:\u00a0<a href=\"mailto:kamara@tmkik.hu\" target=\"_blank\" rel=\"noopener\">kamara@tmkik.hu<\/a><\/p>\n<p>\u2022Vas Megyei B\u00e9k\u00e9ltet\u0151 Test\u00fclet<\/p>\n<p>C\u00edme: 9700 Szombathely, Honv\u00e9d t\u00e9r 2.<\/p>\n<p>Telefonsz\u00e1ma:\u00a0<a href=\"tel:(94)%20312-356\" target=\"_blank\" rel=\"noopener\">(94) 312-356<\/a><\/p>\n<p>Fax sz\u00e1ma:\u00a0<a href=\"tel:(94)%20316-936\" target=\"_blank\" rel=\"noopener\">(94) 316-936<\/a><\/p>\n<p>Eln\u00f6k: Dr. K\u00f6vesdi Zolt\u00e1n<\/p>\n<p>E-mail c\u00edm:\u00a0<a href=\"mailto:vmkik@vmkik.hu\" target=\"_blank\" rel=\"noopener\">vmkik@vmkik.hu<\/a><\/td>\n<td valign=\"top\">\u2022 N\u00f3gr\u00e1d Megyei B\u00e9k\u00e9ltet\u0151 Test\u00fclet<\/p>\n<p>C\u00edme: 3100 Salg\u00f3tarj\u00e1n, Alkotm\u00e1ny \u00fat 9\/a<\/p>\n<p>Telefonsz\u00e1m:\u00a0<a href=\"tel:(32)%20520-860\" target=\"_blank\" rel=\"noopener\">(32) 520-860<\/a><\/p>\n<p>Fax sz\u00e1ma:\u00a0<a href=\"tel:(32)%20520-862\" target=\"_blank\" rel=\"noopener\">(32) 520-862<\/a><\/p>\n<p>Eln\u00f6k: Dr. Pong\u00f3 Erik<\/p>\n<p>E-mail c\u00edm:\u00a0<a href=\"mailto:nkik@nkik.hu\" target=\"_blank\" rel=\"noopener\">nkik@nkik.hu<\/a><\/p>\n<p>\u2022Pest Megyei B\u00e9k\u00e9ltet\u0151 Test\u00fclet<\/p>\n<p>C\u00edme: 1119 Budapest, Etele \u00fat 59-61. II. emelet 240.<\/p>\n<p>Telefonsz\u00e1ma:\u00a0<a href=\"tel:06-1-269-0703\" target=\"_blank\" rel=\"noopener\">06-1-269-0703<\/a><\/p>\n<p>Fax sz\u00e1ma:\u00a0<a href=\"tel:06-1-269-0703\" target=\"_blank\" rel=\"noopener\">06-1-269-0703<\/a><\/p>\n<p>Eln\u00f6k: dr. Csan\u00e1di K\u00e1roly<\/p>\n<p>E-mail c\u00edm:\u00a0<a href=\"mailto:pmbekelteto@pmkik.hu\" target=\"_blank\" rel=\"noopener\">pmbekelteto@pmkik.hu<\/a><\/p>\n<p>\u2022Somogy Megyei B\u00e9k\u00e9ltet\u0151 Test\u00fclet<\/p>\n<p>C\u00edme: 7400 Kaposv\u00e1r, Anna utca 6.<\/p>\n<p>Telefonsz\u00e1ma:\u00a0<a href=\"tel:(82)%20501-000\" target=\"_blank\" rel=\"noopener\">(82) 501-000<\/a><\/p>\n<p>Fax sz\u00e1ma:\u00a0<a href=\"tel:(82)%20501-046\" target=\"_blank\" rel=\"noopener\">(82) 501-046<\/a><\/p>\n<p>Eln\u00f6k: Dr. Nov\u00e1k Ferenc<\/p>\n<p>E-mail c\u00edm:\u00a0<a href=\"mailto:skik@skik.hu\" target=\"_blank\" rel=\"noopener\">skik@skik.hu<\/a><\/p>\n<p>\u2022Szabolcs-Szatm\u00e1r-Bereg Megyei B\u00e9k\u00e9ltet\u0151 Test\u00fclet<\/p>\n<p>C\u00edme: 4400 Ny\u00edregyh\u00e1za, Sz\u00e9chenyi u. 2.<\/p>\n<p>Telefonsz\u00e1ma:\u00a0<a href=\"tel:(42)%20311-544\" target=\"_blank\" rel=\"noopener\">(42) 311-544<\/a>,\u00a0<a href=\"tel:(42)%20420-180\" target=\"_blank\" rel=\"noopener\">(42) 420-180<\/a><\/p>\n<p>Fax sz\u00e1ma:\u00a0<a href=\"tel:(42)%20420-180\" target=\"_blank\" rel=\"noopener\">(42) 420-180<\/a><\/p>\n<p>Eln\u00f6k: G\u00f6r\u00f6mbein\u00e9 dr. Balmaz Katalin<\/p>\n<p>E-mail c\u00edm:\u00a0<a href=\"mailto:bekelteto@szabkam.hu\" target=\"_blank\" rel=\"noopener\">bekelteto@szabkam.hu<\/a><\/p>\n<p>\u2022Veszpr\u00e9m Megyei B\u00e9k\u00e9ltet\u0151 Test\u00fclet<\/p>\n<p>C\u00edme: 8200 Veszpr\u00e9m, Budapest u. 3.<\/p>\n<p>Telefonsz\u00e1ma:\u00a0<a href=\"tel:(88)%20814-111\" target=\"_blank\" rel=\"noopener\">(88) 814-111<\/a><\/p>\n<p>Fax sz\u00e1ma:\u00a0<a href=\"tel:(88)%20412-150\" target=\"_blank\" rel=\"noopener\">(88) 412-150<\/a><\/p>\n<p>Eln\u00f6k: Dr. Vasv\u00e1ri Csaba<\/p>\n<p>E-mail c\u00edm:\u00a0<a href=\"mailto:info@bekeltetesveszprem.hu\" target=\"_blank\" rel=\"noopener\">info@bekeltetesveszprem.h<wbr \/>u<\/a><\/p>\n<p>\u2022Zala Megyei B\u00e9k\u00e9ltet\u0151 Test\u00fclet<\/p>\n<p>C\u00edme: 8900 Zalaegerszeg, Pet\u0151fi utca 24.<\/p>\n<p>Telefonsz\u00e1ma:\u00a0<a href=\"tel:(92)%20550-513\" target=\"_blank\" rel=\"noopener\">(92) 550-513<\/a><\/p>\n<p>Fax sz\u00e1ma:\u00a0<a href=\"tel:(92)%20550-525\" target=\"_blank\" rel=\"noopener\">(92) 550-525<\/a><\/p>\n<p>Eln\u00f6k: Dr. Moln\u00e1r S\u00e1ndor<\/p>\n<p>E-mail c\u00edm:\u00a0<a href=\"mailto:zmkik@zmkik.hu\" target=\"_blank\" rel=\"noopener\">zmkik@zmkik.hu<\/a>;\u00a0\u00a0<a href=\"mailto:zmbekelteto@zmkik.hu\" target=\"_blank\" rel=\"noopener\">zmbekelt<wbr \/>eto@zmkik.hu<\/a><\/td>\n<\/tr>\n<\/tbody>\n<\/table>\n<p>&nbsp;<\/p>\n<p>5.Panasza eset\u00e9n els\u0151dlegesen a \u00dcgyf\u00e9l vagy \u00dcgyf\u00e9l lak\u00f3helye szerinti b\u00e9k\u00e9ltet\u0151 test\u00fclet illet\u00e9kes.<\/p>\n<p>6.A b\u00e9k\u00e9ltet\u0151 test\u00fclet hat\u00e1sk\u00f6r\u00e9be tartozik a Fogyaszt\u00f3 \u00e9s az \u00dczemeltet\u0151 k\u00f6z\u00f6tti, a term\u00e9k min\u0151s\u00e9g\u00e9vel, biztons\u00e1goss\u00e1g\u00e1val, a term\u00e9kfelel\u0151ss\u00e9gi szab\u00e1lyok alkalmaz\u00e1s\u00e1val, a szolg\u00e1ltat\u00e1s min\u0151s\u00e9g\u00e9vel, tov\u00e1bb\u00e1 a felek k\u00f6z\u00f6tti szerz\u0151d\u00e9s megk\u00f6t\u00e9s\u00e9vel \u00e9s teljes\u00edt\u00e9s\u00e9vel kapcsolatos vit\u00e1s \u00fcgy (fogyaszt\u00f3i jogvita) b\u00edr\u00f3s\u00e1gi elj\u00e1r\u00e1son k\u00edv\u00fcli rendez\u00e9se. E c\u00e9lb\u00f3l a b\u00e9k\u00e9ltet\u0151 test\u00fclet megk\u00eds\u00e9rli a felek k\u00f6z\u00f6tti egyezs\u00e9g l\u00e9trehoz\u00e1s\u00e1t, ennek eredm\u00e9nytelens\u00e9ge eset\u00e9n pedig az \u00fcgyben d\u00f6nt\u00e9st hoz a fogyaszt\u00f3i jogok egyszer\u0171, gyors, hat\u00e9kony \u00e9s k\u00f6lts\u00e9gk\u00edm\u00e9l\u0151 \u00e9rv\u00e9nyes\u00edt\u00e9s\u00e9nek biztos\u00edt\u00e1sa \u00e9rdek\u00e9ben. A b\u00e9k\u00e9ltet\u0151 test\u00fclet a Fogyaszt\u00f3 vagy az \u00dczemeltet\u0151 k\u00e9r\u00e9s\u00e9re tan\u00e1csot ad a Fogyaszt\u00f3t megillet\u0151 jogokkal \u00e9s a Fogyaszt\u00f3t terhel\u0151 k\u00f6telezetts\u00e9gekkel kapcsolatban.<\/p>\n<p>7.T\u00e1j\u00e9koztatjuk, hogy az \u00dczemeltet\u0151 a sz\u00e9khelye szerinti b\u00e9k\u00e9ltet\u0151 test\u00fcletn\u00e9l\u00a0 vagy \u2013 valamennyi b\u00e9k\u00e9ltet\u0151 test\u00fcletre kiterjed\u0151 hat\u00e1llyal \u2013 a Magyar Kereskedelmi \u00e9s Iparkamar\u00e1n\u00e1l \u00edr\u00e1sban, visszavon\u00e1sig \u00e9rv\u00e9nyes \u00e1ltal\u00e1nos al\u00e1vet\u00e9si nyilatkozatot tehet, amelyben v\u00e1llalja, hogy a b\u00e9k\u00e9ltet\u0151 test\u00fcleti elj\u00e1r\u00e1snak \u00e9s egyezs\u00e9g hi\u00e1ny\u00e1ban az ilyen elj\u00e1r\u00e1sban hozott hat\u00e1rozatnak al\u00e1veti mag\u00e1t. Az al\u00e1vet\u00e9si nyilatkozatban az \u00dczemeltet\u0151 k\u00f6telezetts\u00e9gv\u00e1llal\u00e1s\u00e1nak m\u00e9rt\u00e9k\u00e9t, illetve hat\u00e1ly\u00e1t a jogvita t\u00e1rgy\u00e1nak \u00e1ltala meghat\u00e1rozott \u00e9rt\u00e9k\u00e9ben vagy m\u00e1s m\u00f3don is korl\u00e1tozhatja. Az \u00dczemeltet\u0151 mentes\u00fcl e nyilatkozat k\u00f6t\u0151ereje al\u00f3l, ha bizony\u00edtja, hogy azt a szerz\u0151d\u00e9sk\u00f6t\u00e9sig a v\u00e1llal\u00e1ssal azonos m\u00f3don visszavonta.<\/p>\n<p>8.T\u00e1j\u00e9koztatjuk, hogy az \u00dczemeltet\u0151t b\u00e9k\u00e9ltet\u0151 test\u00fclet elj\u00e1r\u00e1sa tekintet\u00e9ben egy\u00fcttm\u0171k\u00f6d\u00e9si k\u00f6telezetts\u00e9g terheli.<\/p>\n<p>9.Fogyaszt\u00f3v\u00e9delmi panasz eset\u00e9n felkeresheti a ter\u00fcletileg illet\u00e9kes j\u00e1r\u00e1si hivatalokat. A j\u00e1r\u00e1si hivatalok list\u00e1j\u00e1t az al\u00e1bbi c\u00edmen \u00e9rheti el:\u00a0<a href=\"http:\/\/jarasinfo.gov.hu\/\" target=\"_blank\" rel=\"noopener\" data-saferedirecturl=\"https:\/\/www.google.com\/url?q=http:\/\/jarasinfo.gov.hu\/&amp;source=gmail&amp;ust=1651492796180000&amp;usg=AOvVaw2SCX7W_NvMrcRCstCVyirU\">http:\/\/jarasinfo.gov.hu\/.<\/a><\/p>\n<p>10.Ha panasszal k\u00edv\u00e1n \u00e9lni online v\u00e1s\u00e1rolt term\u00e9kkel vagy szolg\u00e1ltat\u00e1ssal kapcsolatban, az al\u00e1bbi honlapon kezdem\u00e9nyezheti a panasz b\u00edr\u00f3s\u00e1gon k\u00edv\u00fcli rendez\u00e9s\u00e9t. A port\u00e1l csak akkor haszn\u00e1lhat\u00f3, ha \u00d6n az EU-ban \u00e9l, \u00e9s a keresked\u0151 sz\u00e9khelye is valamelyik EU-orsz\u00e1gban tal\u00e1lhat\u00f3.\u00a0<a href=\"https:\/\/webgate.ec.europa.eu\/odr\/main\/?event=main.home.show\" target=\"_blank\" rel=\"noopener\" data-saferedirecturl=\"https:\/\/www.google.com\/url?q=https:\/\/webgate.ec.europa.eu\/odr\/main\/?event%3Dmain.home.show&amp;source=gmail&amp;ust=1651492796180000&amp;usg=AOvVaw13jLCmGoYhk4xKtIxqPemS\">https:\/\/webgate.ec.<wbr \/>europa.eu\/odr\/main\/?event=main<wbr \/>.home.show<\/a>.<\/p>\n<p>11.Versenyjogi szab\u00e1lyok s\u00e9relme eset\u00e9n a Gazdas\u00e1gi Versenyhivatalhoz fordulhat:<\/p>\n<p>Gazdas\u00e1gi Versenyhivatal<\/p>\n<p>1054 Budapest, Alkotm\u00e1ny u. 5.<\/p>\n<p>Lev\u00e9lc\u00edm: 1245 Budapest 5. Pf.1036<\/p>\n<p>Telefon:\u00a0<a href=\"tel:(1)%20472-8900\" target=\"_blank\" rel=\"noopener\">(1) 472-8900<\/a><\/p>\n<p>Fax:\u00a0<a href=\"tel:(1)%20472-8905\" target=\"_blank\" rel=\"noopener\">(1) 472-8905<\/a><\/p>\n<p>12. Az \u00dczemeltet\u0151 nem folytat k\u00f6zszolg\u00e1ltat\u00e1si tev\u00e9kenys\u00e9get, \u00edgy nem vonatkoznak r\u00e1 az ilyen tev\u00e9kenys\u00e9get folytat\u00f3 szolg\u00e1ltat\u00f3kra vonatkoz\u00f3 speci\u00e1lis t\u00f6rv\u00e9nyi szab\u00e1lyok (speci\u00e1lis \u00fcgyf\u00e9lszolg\u00e1lat m\u0171k\u00f6dtet\u00e9se, meghosszabb\u00edtott \u00fcgyf\u00e9lfogad\u00e1si id\u0151, el\u0151zetes id\u0151pont foglal\u00e1s, folyamatos el\u00e9rhet\u0151s\u00e9g, \u00f6t perces bejelentkez\u00e9si id\u0151, stb.).<\/p>\n<p>XVIII. Z\u00e1r\u00f3 rendelkez\u00e9sek<\/p>\n<p>1. Jelen \u00c1SZF-re egyebekben els\u0151 sorban a Polg\u00e1ri T\u00f6rv\u00e9nyk\u00f6nyvr\u0151l sz\u00f3l\u00f3 2013. \u00e9vi V. t\u00f6rv\u00e9ny, a fogyaszt\u00f3 \u00e9s a v\u00e1llalkoz\u00e1s k\u00f6z\u00f6tti szerz\u0151d\u00e9sek r\u00e9szletes szab\u00e1lyair\u00f3l sz\u00f3l\u00f3 45\/2014. (II. 26.) Korm. rendelet, \u00e9s a fogyaszt\u00f3v\u00e9delemr\u0151l sz\u00f3l\u00f3 1997. \u00e9vi CLV. t\u00f6rv\u00e9ny, AZ EUR\u00d3PAI PARLAMENT \u00c9S A TAN\u00c1CS (EU) 2016\/679 RENDELETE (2016. \u00e1prilis 27.) a term\u00e9szetes szem\u00e9lyeknek a szem\u00e9lyes adatok kezel\u00e9se tekintet\u00e9ben t\u00f6rt\u00e9n\u0151 v\u00e9delm\u00e9r\u0151l \u00e9s az ilyen adatok szabad \u00e1raml\u00e1s\u00e1r\u00f3l, valamint a 95\/46\/EK rendelet hat\u00e1lyon k\u00edv\u00fcl helyez\u00e9s\u00e9r\u0151l (\u00e1ltal\u00e1nos adatv\u00e9delmi rendelet) (GDPR), illetve a hat\u00e1lyos magyar jogszab\u00e1lyok ir\u00e1nyad\u00f3ak.<\/p>\n<p>1. sz\u00e1m\u00fa mell\u00e9klet<\/p>\n<p>El\u00e1ll\u00e1si\/felmond\u00e1si nyilatkozatminta<\/p>\n<p>(K\u00e9rj\u00fck, a szerz\u0151d\u00e9st\u0151l val\u00f3 el\u00e1ll\u00e1si vagy felmond\u00e1si sz\u00e1nd\u00e9k eset\u00e9n t\u00f6ltse ki \u00e9s juttassa vissza az \u00dczemeltet\u0151 r\u00e9sz\u00e9re.)<\/p>\n<p>C\u00edmzett:<\/p>\n<p>Alul\u00edrott\/ak kijelentem\/kijelentj\u00fck, hogy gyakorlom\/gyakoroljuk el\u00e1ll\u00e1si\/felmond\u00e1si jogomat\/jogunkat az al\u00e1bbi term\u00e9k\/ek ad\u00e1sv\u00e9tel\u00e9re vagy az al\u00e1bbi szolg\u00e1ltat\u00e1s ny\u00fajt\u00e1s\u00e1ra ir\u00e1nyul\u00f3 szerz\u0151d\u00e9s tekintet\u00e9ben:<\/p>\n<p>Szerz\u0151d\u00e9sk\u00f6t\u00e9s id\u0151pontja \/\u00e1tv\u00e9tel id\u0151pontja:<\/p>\n<p>A fogyaszt\u00f3(k) neve:<\/p>\n<p>A fogyaszt\u00f3(k) c\u00edme:<\/p>\n<p>A fogyaszt\u00f3(k) al\u00e1\u00edr\u00e1sa: (kiz\u00e1r\u00f3lag pap\u00edron tett nyilatkozat eset\u00e9n)<\/p>\n<p>Kelt<\/p>\n<p>2022. \u00e1prilis 30., szombat d\u00e1tummal Group Putzmeisterin &lt;<a href=\"mailto:putzmeisteringroup@gmail.com\" target=\"_blank\" rel=\"noopener\">putzmeisteringroup@gmail.com<\/a>&gt; ezt \u00edrta:<\/p>\n<blockquote class=\"gmail_quote\"><p>\u00c1ltal\u00e1nos Adatv\u00e9delmi T\u00e1j\u00e9koztat\u00f3<\/p>\n<p>\u00c1LTAL\u00c1NOS ADATV\u00c9DELMI T\u00c1J\u00c9KOZTAT\u00d3 A <a href=\"http:\/\/www.putzmeisteringroup.com\/\" target=\"_blank\" rel=\"noopener\" data-saferedirecturl=\"https:\/\/www.google.com\/url?q=http:\/\/www.putzmeisteringroup.com&amp;source=gmail&amp;ust=1651492796180000&amp;usg=AOvVaw1zpfm0E33M5iMfbkTzFRvg\">www.putzmeisteringroup.com<\/a> WEBOLDAL haszn\u00e1lat\u00e0hoz.\u00a0\u00a0<a href=\"http:\/\/www.putzmeisteringroup.com\/\" target=\"_blank\" rel=\"noopener\" data-saferedirecturl=\"https:\/\/www.google.com\/url?q=http:\/\/www.putzmeisteringroup.com&amp;source=gmail&amp;ust=1651492796180000&amp;usg=AOvVaw1zpfm0E33M5iMfbkTzFRvg\">www.putzmeiste<wbr \/>ringroup.com<\/a>\u00a0\u00a0\u00a0weboldalt a Putzmeisterin Group Kft. \u00fczemelteti. A Putzmeisterin Goup Kft. jelen nyilatkozat\u00e1val t\u00e1j\u00e9koztatja a honlap l\u00e1togat\u00f3it \u00e9s felhaszn\u00e1l\u00f3it adatkezel\u00e9si gyakorlat\u00e1r\u00f3l, az adatok v\u00e9delme \u00e9rdek\u00e9ben megtett szervez\u00e9si \u00e9s technikai int\u00e9zked\u00e9seir\u0151l \u00e9s a felhaszn\u00e1l\u00f3k jogorvoslati lehet\u0151s\u00e9geikr\u0151l. Amikor a Putzmeisterin Group Kft. szolg\u00e1ltat\u00e1sait haszn\u00e1lja, az adatkezel\u0151re b\u00edz bizonyos szem\u00e9lyes adatokat.<\/p>\n<p>Az adatkezel\u0151:<\/p>\n<p>Putzmeisterin Group Kft. (9422 Harka Panor\u00e1ma utca 4\/A nyilv\u00e1ntart\u00e1si sz\u00e1m: 01-09-358549 e-mail: <a href=\"mailto:putzmeisteringroup@gmail.com\" target=\"_blank\" rel=\"noopener\">putzmeisteringroup@gmail.com<\/a>tel.:\u00a0<a href=\"tel:+36%2070%20630%205207\" target=\"_blank\" rel=\"noopener\">+36\u00a0<\/a>30157776<\/p>\n<p>A kezelt adatok k\u00f6re:<\/p>\n<p>A honlap megtekint\u00e9se sor\u00e1n a technikai m\u0171k\u00f6d\u00e9s miatt automatikusan r\u00f6gz\u00edt\u00e9sre ker\u00fcl a felhaszn\u00e1l\u00f3 l\u00e1togat\u00e1s\u00e1nak kezd\u0151 \u00e9s befejez\u0151 id\u0151pontja, illetve egyes esetekben \u2013 a felhaszn\u00e1l\u00f3 sz\u00e1m\u00edt\u00f3g\u00e9p\u00e9nek be\u00e1ll\u00edt\u00e1s\u00e1t\u00f3l f\u00fcgg\u0151en \u2013 a b\u00f6ng\u00e9sz\u0151, az oper\u00e1ci\u00f3s rendszer adatai \u00e9s a felhaszn\u00e1l\u00f3 IP c\u00edme, illetve annak az oldalnak a neve, ahonnan a felhaszn\u00e1l\u00f3 \u00e9rkezett. Ezen adatokb\u00f3l a rendszer automatikusan statisztikai adatokat gener\u00e1l. Az \u00fczemeltet\u0151 ezen adatokat nem kapcsolja \u00f6ssze m\u00e1s szem\u00e9lyes adatokkal, kiz\u00e1r\u00f3lag a statisztik\u00e1k elk\u00e9sz\u00edt\u00e9s\u00e9re haszn\u00e1lja. A\u00a0\u00a0<a href=\"http:\/\/www.putzmeisteringroup.com\/\" target=\"_blank\" rel=\"noopener\" data-saferedirecturl=\"https:\/\/www.google.com\/url?q=http:\/\/www.putzmeisteringroup.com&amp;source=gmail&amp;ust=1651492796180000&amp;usg=AOvVaw1zpfm0E33M5iMfbkTzFRvg\">www.putzmeisteringroup.com<\/a> a l\u00e1togat\u00f3k sz\u00e1m\u00edt\u00f3g\u00e9p\u00e9re cookie-t k\u00fcld. A cookie t\u00f6bbek k\u00f6z\u00f6tt a felhaszn\u00e1l\u00f3knak t\u00f6rt\u00e9n\u0151 automatikus \u00fczenetek megjelen\u00edt\u00e9se miatt sz\u00fcks\u00e9ges. A cookie-kat kereskedelmi c\u00e9lra a Putzmeisterin Group Kft. nem haszn\u00e1lja.<\/p>\n<p>B\u00e1rki l\u00e1togathatja a honlapot an\u00e9lk\u00fcl, hogy a technikailag automatikus adatkezel\u00e9sen t\u00fal b\u00e1rmilyen szem\u00e9lyes adatokat kellene megadnia.<\/p>\n<p>A k\u00e9rd\u00e9sek, \u00e9s egy\u00e9b megkeres\u00e9sek eset\u00e9n a felhaszn\u00e1l\u00f3 nev\u00e9t, c\u00edm\u00e9t, telefonsz\u00e1m\u00e1t, e-mail c\u00edm\u00e9t a Putzmeisterin Group Kft. kiz\u00e1r\u00f3lag kapcsolattart\u00e1si c\u00e9lra haszn\u00e1lja. A Putzmeisterin Group Kft. a szem\u00e9lyes adatokat nem teszi hozz\u00e1f\u00e9rhet\u0151v\u00e9 a honlap m\u00e1s l\u00e1togat\u00f3i sz\u00e1m\u00e1ra.<\/p>\n<p>Az adatkezel\u00e9s jogalapja:<\/p>\n<p>A honlap haszn\u00e1lat\u00e1hoz megadott adatok kezel\u00e9se a felhaszn\u00e1l\u00f3 \u00f6nk\u00e9ntes hozz\u00e1j\u00e1rul\u00e1s\u00e1val, a jelen t\u00e1j\u00e9koztat\u00e1s ismeret\u00e9ben t\u00f6rt\u00e9nik. A 2. pontban megjel\u00f6lt szem\u00e9lyes adatok kezel\u00e9s\u00e9nek jogalapja a felhaszn\u00e1l\u00f3k \u00f6nk\u00e9ntes hozz\u00e1j\u00e1rul\u00e1sa.<\/p>\n<p>Az adatkezel\u00e9s c\u00e9ljai:<\/p>\n<p>\u2022 Weboldal l\u00e1togat\u00f3i adatok \u2013 A l\u00e1togat\u00e1s id\u0151pontja, az IP c\u00edm, valamint a b\u00f6ng\u00e9sz\u0151 \u00e9s oper\u00e1ci\u00f3s rendszer adatainak felv\u00e9tele \u00e9s t\u00e1rol\u00e1sa a rendszer m\u0171k\u00f6d\u00e9s\u00e9nek saj\u00e1toss\u00e1ga, kezel\u00e9s\u00fck technikailag elengedhetetlen, kiz\u00e1r\u00f3lag statisztikai c\u00e9lokb\u00f3l t\u00f6rt\u00e9nik.<\/p>\n<p>\u2022 T\u00e1j\u00e9koztat\u00e1s az aktu\u00e1lis inform\u00e1ci\u00f3kr\u00f3l, h\u00edrekr\u0151l, l\u00e1togat\u00f3i statisztikai adatok gy\u0171jt\u00e9se, a Weboldal zavartalan \u00e9s megfelel\u0151 m\u0171k\u00f6d\u00e9s\u00e9nek ellen\u0151rz\u00e9se, a vissza\u00e9l\u00e9sek megakad\u00e1lyoz\u00e1sa, a Weboldalt l\u00e1togat\u00f3k v\u00e9lem\u00e9ny\u00e9nek, \u00e9szrev\u00e9teleinek megismer\u00e9se, kapcsolatfelv\u00e9tel.<\/p>\n<p>Ezen adatok \u00f6sszes\u00edtett, statisztikai c\u00e9l\u00fa felhaszn\u00e1l\u00e1s\u00e1ra ker\u00fcl sor. Az adatkezel\u0151 a megjel\u00f6lt c\u00e9lokt\u00f3l elt\u00e9r\u0151 c\u00e9lra a szem\u00e9lyes adatokat nem kezeli. Az \u00edgy megadott adatok kezel\u00e9se a felhaszn\u00e1l\u00f3 \u00f6nk\u00e9ntes hozz\u00e1j\u00e1rul\u00e1s\u00e1val t\u00f6rt\u00e9nik.<\/p>\n<p>Az adatkezel\u00e9s id\u0151tartama:<\/p>\n<p>A session ID-k a b\u00f6ng\u00e9sz\u0151 bez\u00e1r\u00e1sakor automatikusan t\u00f6rl\u0151dnek. A felhaszn\u00e1l\u00f3 a saj\u00e1t cookie-j\u00e1t b\u00e1rmikor t\u00f6r\u00f6lheti. A cookie-k automatikusan t\u00f6rl\u0151dnek a b\u00f6ng\u00e9sz\u0151 be\u00e1ll\u00edt\u00e1s\u00e1t\u00f3l f\u00fcgg\u0151en. Az Adatkezel\u0151 a jogszer\u0171en tudom\u00e1s\u00e1ra hozott szem\u00e9lyes adatokat az adatkezel\u00e9s c\u00e9lj\u00e1nak fenn\u00e1ll\u00e1sa alatt kezeli. Az adatkezel\u00e9s c\u00e9lj\u00e1nak megsz\u0171n\u00e9s\u00e9vel egyidej\u0171leg a szem\u00e9lyes adatok az \u00e9rintett k\u00e9r\u00e9s\u00e9re t\u00f6rl\u00e9sre ker\u00fclnek.<\/p>\n<p>Az adatokhoz hozz\u00e1f\u00e9r\u0151k k\u00f6re, adatfeldolgoz\u00f3k:<\/p>\n<p>A felhaszn\u00e1l\u00f3k \u00e1ltal megadott szem\u00e9lyes adatokhoz, valamint a technikai m\u0171k\u00f6d\u00e9s miatt automatikusan megismert adatokhoz kiz\u00e1r\u00f3lag az adatkezel\u0151 munkat\u00e1rsai f\u00e9rhetnek hozz\u00e1.<\/p>\n<p>Szem\u00e9lyes adatokat harmadik szem\u00e9lyeknek az adatkezel\u0151 nem ad \u00e1t, kiv\u00e9ve akkor, ha a felhaszn\u00e1l\u00f3 olyan c\u00e9lb\u00f3l adta meg szem\u00e9lyes adat\u00e1t. A t\u00f6rv\u00e9nyben el\u0151\u00edrt, k\u00f6telez\u0151 adattov\u00e1bb\u00edt\u00e1sok eset\u00e9n Putzmeisterin Group Kft. az egyes hat\u00f3s\u00e1gi adatk\u00e9r\u00e9sek teljes\u00edt\u00e9se el\u0151tt minden egyes adat tekintet\u00e9ben megvizsg\u00e1lja, hogy val\u00f3ban fenn\u00e1ll-e az adattov\u00e1bb\u00edt\u00e1s jogalapja, \u00e9s sz\u00fcks\u00e9g eset\u00e9n kik\u00e9ri az adatv\u00e9delmi hat\u00f3s\u00e1g v\u00e9lem\u00e9ny\u00e9t.<\/p>\n<p>A felhaszn\u00e1l\u00f3 b\u00e1rmikor jogosult m\u00f3dos\u00edtani a megadott adatokat.<\/p>\n<p>Az \u00e9rintettek szem\u00e9lyes adataik kezel\u00e9s\u00e9vel kapcsolatos jogai:<\/p>\n<p>Hozz\u00e1f\u00e9r\u00e9s:<\/p>\n<p>Szem\u00e9lyes adataik kezel\u00e9s\u00e9r\u0151l minden \u00e9rintett t\u00e1j\u00e9koztat\u00e1st k\u00e9rhet. Az adatkezel\u0151 k\u00e9r\u00e9sre 30 napon bel\u00fcl \u00edr\u00e1sban t\u00e1j\u00e9koztat\u00e1st ad az \u00e9rintettnek az \u00e1ltala kezelt adatair\u00f3l, az adatkezel\u00e9s c\u00e9lj\u00e1r\u00f3l, jogalapj\u00e1r\u00f3l, id\u0151tartam\u00e1r\u00f3l, az adatfeldolgoz\u00f3 nev\u00e9r\u0151l, c\u00edm\u00e9r\u0151l (sz\u00e9khely\u00e9r\u0151l) \u00e9s az adatkezel\u00e9ssel \u00f6sszef\u00fcgg\u0151 tev\u00e9kenys\u00e9g\u00e9r\u0151l, tov\u00e1bb\u00e1 arr\u00f3l, hogy kik \u00e9s milyen c\u00e9lb\u00f3l kapj\u00e1k vagy kapt\u00e1k meg az adatokat. Mindezeket a jogait csak el\u0151zetes azonos\u00edt\u00e1st k\u00f6vet\u0151en tudjuk biztos\u00edtani. Ez\u00e9rt k\u00e9rj\u00fck, hogy az adatkezel\u00e9ssel \u00f6sszef\u00fcgg\u0151 k\u00e9r\u00e9seit, nyilatkozatait, panaszait jelentse be Putzmeisterin Group Kft. valamely el\u00e9rhet\u0151s\u00e9g\u00e9n (9422 Harka Panor\u00e1ma utca 4\/A e-mail: <a href=\"mailto:putzmeisteringroup@gmail.com\" target=\"_blank\" rel=\"noopener\">putzmeisteringroup@gmail.com<\/a>; tel.:\u00a0<a href=\"tel:+36%2070%20630%205207\" target=\"_blank\" rel=\"noopener\">+36301577776<\/a>.). K\u00e9sz\u00fclj\u00f6n fel r\u00e1, hogy jogainak gyakorl\u00e1s\u00e1hoz sz\u00fcks\u00e9g lesz szem\u00e9lyazonoss\u00e1g\u00e1nak igazol\u00e1s\u00e1ra.<\/p>\n<p>Helyesb\u00edt\u00e9s \u00e9s t\u00f6rl\u00e9s:<\/p>\n<p>Az \u00e9rintettek \u00edr\u00e1sban k\u00e9rhetik a szem\u00e9lyes adataik (vagy azok egy r\u00e9sz\u00e9nek) m\u00f3dos\u00edt\u00e1s\u00e1t \u00e9s t\u00f6rl\u00e9s\u00e9t. Ezen k\u00e9r\u00e9sekre az adatkezel\u0151 a lehet\u0151 legr\u00f6videbb id\u0151n, de legfeljebb h\u00e1rom h\u00e9ten bel\u00fcl visszajelz\u00e9st k\u00fcld. T\u00f6rl\u00e9s abban az esetben lehets\u00e9ges, ha az \u00e9rintett visszavonja az adatkezel\u00e9s alapj\u00e1t k\u00e9pez\u0151 hozz\u00e1j\u00e1rul\u00e1s\u00e1t, \u00e9s az adatkezel\u00e9snek nincs m\u00e1s jogalapja. Az e-mailen k\u00e9rt adatt\u00f6rl\u00e9sre a kifog\u00e1s meg\u00e9rkez\u00e9s\u00e9t\u0151l legk\u00e9s\u0151bb a lehet\u0151 legr\u00f6videbb id\u0151n, de legfeljebb h\u00e1rom h\u00e9ten bel\u00fcl v\u00e1laszol az adatkezel\u0151.<\/p>\n<p>Adatok hordozhat\u00f3s\u00e1ga:<\/p>\n<p>Az \u00e9rintettek \u00edr\u00e1sban k\u00e9rhetik az \u00e1ltaluk az adatkezel\u0151 rendelkez\u00e9s\u00e9re bocs\u00e1tott szem\u00e9lyes adatok rendelkez\u00e9sre bocs\u00e1t\u00e1s\u00e1t, sz\u00e9les k\u00f6rben haszn\u00e1lt, g\u00e9ppel olvashat\u00f3 form\u00e1tumban.<\/p>\n<p>Az adatkezel\u0151 a k\u00e9r\u00e9st k\u00f6vet\u0151en ezt 30 napon bel\u00fcl az \u00e9rintett sz\u00e1m\u00e1ra rendelkez\u00e9sre bocs\u00e1tja.<\/p>\n<p>Adatbiztons\u00e1gi int\u00e9zked\u00e9sek:<\/p>\n<p>Az Adatkezel\u0151 minden t\u0151le telhet\u0151 int\u00e9zked\u00e9st megtesz annak \u00e9rdek\u00e9ben, hogy az adatok biztons\u00e1gos, s\u00e9r\u00fcl\u00e9smentes kezel\u00e9s\u00e9t \u00e9s az ehhez sz\u00fcks\u00e9ges adatkezel\u00e9si rendszerek ki\u00e9p\u00edt\u00e9s\u00e9t, m\u0171k\u00f6dtet\u00e9s\u00e9t, \u00fczemeltet\u00e9s\u00e9t biztos\u00edtani tudja.<\/p>\n<p>Jog\u00e9rv\u00e9nyes\u00edt\u00e9si lehet\u0151s\u00e9gek:<\/p>\n<p>K\u00e9rj\u00fck a felhaszn\u00e1l\u00f3kat, hogy ha \u00fagy \u00e9rzi, hogy a Putzmeisterin Group Kft. megs\u00e9rtette a szem\u00e9lyes adatok v\u00e9delm\u00e9hez f\u0171z\u0151d\u0151 jog\u00e1t, akkor vegye fel vel\u00fcnk a kapcsolatot, hogy az esetleges s\u00e9relmet orvosolhassuk. T\u00e1j\u00e9koztatjuk a felhaszn\u00e1l\u00f3kat, hogy ig\u00e9ny\u00fcket polg\u00e1ri b\u00edr\u00f3s\u00e1g el\u0151tt is \u00e9rv\u00e9nyes\u00edthetik, vagy k\u00e9rhetik az adatv\u00e9delmi hat\u00f3s\u00e1g seg\u00edts\u00e9g\u00e9t is.<\/p>\n<p>Erre, valamint az adatkezel\u0151 k\u00f6telezetts\u00e9geire vonatkoz\u00f3 r\u00e9szletes jogszab\u00e1lyi rendelkez\u00e9seket az Eur\u00f3pai Parlamentnek \u00e9s a Tan\u00e1csnak a term\u00e9szetes szem\u00e9lyeknek a szem\u00e9lyes adatok kezel\u00e9se tekintet\u00e9ben t\u00f6rt\u00e9n\u0151 v\u00e9delm\u00e9r\u0151l \u00e9s az ilyen adatok szabad \u00e1raml\u00e1s\u00e1r\u00f3l, valamint a 95\/46\/EK rendelet hat\u00e1lyon k\u00edv\u00fcl helyez\u00e9s\u00e9r\u0151l sz\u00f3l\u00f3 2016\/679 rendelete (2016. \u00e1prilis 27.), az inform\u00e1ci\u00f3s \u00f6nrendelkez\u00e9si jogr\u00f3l \u00e9s az inform\u00e1ci\u00f3szabads\u00e1gr\u00f3l sz\u00f3l\u00f3 2011. \u00e9vi CXII. t\u00f6rv\u00e9ny tartalmazza, valamint az elektronikus kereskedelmi szolg\u00e1ltat\u00e1sok, valamint az inform\u00e1ci\u00f3s t\u00e1rsadalommal \u00f6sszef\u00fcgg\u0151 szolg\u00e1ltat\u00e1sok egyes k\u00e9rd\u00e9seir\u0151l sz\u00f3l\u00f3 a 2001. \u00e9vi CVIII. t\u00f6rv\u00e9ny 13\/A. \u00a7 tartalmazza.<\/p><\/blockquote>\n<\/div>\n<\/div>\n<\/div>\n<\/blockquote>\n","protected":false},"excerpt":{"rendered":"<p>\u00c1LTAL\u00c1NOS SZERZ\u0150D\u00c9SI FELT\u00c9TELEK Jelen \u00e1ltal\u00e1nos szerz\u0151d\u00e9si felt\u00e9telek hat\u00e1lyos: 2022. \u00e1prilis 22.( a tov\u00e1bbiakban: \u00c1SZF). Tisztelt \u00dcgyf\u00e9l! \u00d6r\u00fcl\u00fcnk, hogy megl\u00e1togatta weboldalunkat (a tov\u00e1bbiakban: Weboldal). K\u00e9rj\u00fck jelen \u00c1SZF-et figyelmesen olvassa el, mivel az \u00c1SZF r\u00f6gz\u00edti a Weboldal \u00e9s az \u00d6n k\u00f6z\u00f6tt l\u00e9trej\u00f6v\u0151 jogviszonyt, illetve szerz\u0151d\u00e9s rendelkez\u00e9seit, illetve hasznos \u00e9s fontos adatokat tudhat meg a Weboldal \u00fczemeltet\u0151j\u00e9r\u0151l, panaszkezel\u00e9sr\u0151l,&hellip;<\/p>\n","protected":false},"author":2,"featured_media":0,"parent":0,"menu_order":0,"comment_status":"closed","ping_status":"closed","template":"","meta":{"footnotes":""},"class_list":["post-1841","page","type-page","status-publish","hentry","description-off"],"yoast_head":"<!-- This site is optimized with the Yoast SEO plugin v27.4 - https:\/\/yoast.com\/product\/yoast-seo-wordpress\/ -->\n<title>\u00c1ltal\u00e1nos szerz\u0151d\u00e9si felt\u00e9telek - Putzbusters OG<\/title>\n<meta name=\"robots\" content=\"index, follow, max-snippet:-1, max-image-preview:large, max-video-preview:-1\" \/>\n<link rel=\"canonical\" href=\"https:\/\/putzmeisteringroup.com\/hu\/altalanos-szerzodesi-feltetelek\/\" \/>\n<meta property=\"og:locale\" content=\"hu_HU\" \/>\n<meta property=\"og:type\" content=\"article\" \/>\n<meta property=\"og:title\" content=\"\u00c1ltal\u00e1nos szerz\u0151d\u00e9si felt\u00e9telek - Putzbusters OG\" \/>\n<meta property=\"og:description\" content=\"\u00c1LTAL\u00c1NOS SZERZ\u0150D\u00c9SI FELT\u00c9TELEK Jelen \u00e1ltal\u00e1nos szerz\u0151d\u00e9si felt\u00e9telek hat\u00e1lyos: 2022. \u00e1prilis 22.( a tov\u00e1bbiakban: \u00c1SZF). Tisztelt \u00dcgyf\u00e9l! \u00d6r\u00fcl\u00fcnk, hogy megl\u00e1togatta weboldalunkat (a tov\u00e1bbiakban: Weboldal). K\u00e9rj\u00fck jelen \u00c1SZF-et figyelmesen olvassa el, mivel az \u00c1SZF r\u00f6gz\u00edti a Weboldal \u00e9s az \u00d6n k\u00f6z\u00f6tt l\u00e9trej\u00f6v\u0151 jogviszonyt, illetve szerz\u0151d\u00e9s rendelkez\u00e9seit, illetve hasznos \u00e9s fontos adatokat tudhat meg a Weboldal \u00fczemeltet\u0151j\u00e9r\u0151l, panaszkezel\u00e9sr\u0151l,&hellip;\" \/>\n<meta property=\"og:url\" content=\"https:\/\/putzmeisteringroup.com\/altalanos-szerzodesi-feltetelek\/\" \/>\n<meta property=\"og:site_name\" content=\"Putzbusters OG\" \/>\n<meta property=\"article:modified_time\" content=\"2022-05-07T10:55:18+00:00\" \/>\n<meta property=\"og:image\" content=\"https:\/\/ssl.gstatic.com\/ui\/v1\/icons\/mail\/images\/cleardot.gif\" \/>\n<meta name=\"twitter:card\" content=\"summary_large_image\" \/>\n<meta name=\"twitter:label1\" content=\"Becs\u00fclt olvas\u00e1si id\u0151\" \/>\n\t<meta name=\"twitter:data1\" content=\"33 perc\" \/>\n<script type=\"application\/ld+json\" class=\"yoast-schema-graph\">{\"@context\":\"https:\\\/\\\/schema.org\",\"@graph\":[{\"@type\":\"WebPage\",\"@id\":\"https:\\\/\\\/putzmeisteringroup.com\\\/altalanos-szerzodesi-feltetelek\\\/\",\"url\":\"https:\\\/\\\/putzmeisteringroup.com\\\/altalanos-szerzodesi-feltetelek\\\/\",\"name\":\"\u00c1ltal\u00e1nos szerz\u0151d\u00e9si felt\u00e9telek - Putzbusters OG\",\"isPartOf\":{\"@id\":\"https:\\\/\\\/putzmeisteringroup.com\\\/#website\"},\"primaryImageOfPage\":{\"@id\":\"https:\\\/\\\/putzmeisteringroup.com\\\/altalanos-szerzodesi-feltetelek\\\/#primaryimage\"},\"image\":{\"@id\":\"https:\\\/\\\/putzmeisteringroup.com\\\/altalanos-szerzodesi-feltetelek\\\/#primaryimage\"},\"thumbnailUrl\":\"https:\\\/\\\/ssl.gstatic.com\\\/ui\\\/v1\\\/icons\\\/mail\\\/images\\\/cleardot.gif\",\"datePublished\":\"2022-04-30T07:55:01+00:00\",\"dateModified\":\"2022-05-07T10:55:18+00:00\",\"breadcrumb\":{\"@id\":\"https:\\\/\\\/putzmeisteringroup.com\\\/altalanos-szerzodesi-feltetelek\\\/#breadcrumb\"},\"inLanguage\":\"hu\",\"potentialAction\":[{\"@type\":\"ReadAction\",\"target\":[\"https:\\\/\\\/putzmeisteringroup.com\\\/altalanos-szerzodesi-feltetelek\\\/\"]}]},{\"@type\":\"ImageObject\",\"inLanguage\":\"hu\",\"@id\":\"https:\\\/\\\/putzmeisteringroup.com\\\/altalanos-szerzodesi-feltetelek\\\/#primaryimage\",\"url\":\"https:\\\/\\\/ssl.gstatic.com\\\/ui\\\/v1\\\/icons\\\/mail\\\/images\\\/cleardot.gif\",\"contentUrl\":\"https:\\\/\\\/ssl.gstatic.com\\\/ui\\\/v1\\\/icons\\\/mail\\\/images\\\/cleardot.gif\"},{\"@type\":\"BreadcrumbList\",\"@id\":\"https:\\\/\\\/putzmeisteringroup.com\\\/altalanos-szerzodesi-feltetelek\\\/#breadcrumb\",\"itemListElement\":[{\"@type\":\"ListItem\",\"position\":1,\"name\":\"Kezd\u0151lap\",\"item\":\"https:\\\/\\\/putzmeisteringroup.com\\\/hu\\\/\"},{\"@type\":\"ListItem\",\"position\":2,\"name\":\"\u00c1ltal\u00e1nos szerz\u0151d\u00e9si felt\u00e9telek\"}]},{\"@type\":\"WebSite\",\"@id\":\"https:\\\/\\\/putzmeisteringroup.com\\\/#website\",\"url\":\"https:\\\/\\\/putzmeisteringroup.com\\\/\",\"name\":\"Putzbusters OG\",\"description\":\"\",\"potentialAction\":[{\"@type\":\"SearchAction\",\"target\":{\"@type\":\"EntryPoint\",\"urlTemplate\":\"https:\\\/\\\/putzmeisteringroup.com\\\/?s={search_term_string}\"},\"query-input\":{\"@type\":\"PropertyValueSpecification\",\"valueRequired\":true,\"valueName\":\"search_term_string\"}}],\"inLanguage\":\"hu\"}]}<\/script>\n<!-- \/ Yoast SEO plugin. -->","yoast_head_json":{"title":"\u00c1ltal\u00e1nos szerz\u0151d\u00e9si felt\u00e9telek - Putzbusters OG","robots":{"index":"index","follow":"follow","max-snippet":"max-snippet:-1","max-image-preview":"max-image-preview:large","max-video-preview":"max-video-preview:-1"},"canonical":"https:\/\/putzmeisteringroup.com\/hu\/altalanos-szerzodesi-feltetelek\/","og_locale":"hu_HU","og_type":"article","og_title":"\u00c1ltal\u00e1nos szerz\u0151d\u00e9si felt\u00e9telek - Putzbusters OG","og_description":"\u00c1LTAL\u00c1NOS SZERZ\u0150D\u00c9SI FELT\u00c9TELEK Jelen \u00e1ltal\u00e1nos szerz\u0151d\u00e9si felt\u00e9telek hat\u00e1lyos: 2022. \u00e1prilis 22.( a tov\u00e1bbiakban: \u00c1SZF). Tisztelt \u00dcgyf\u00e9l! \u00d6r\u00fcl\u00fcnk, hogy megl\u00e1togatta weboldalunkat (a tov\u00e1bbiakban: Weboldal). K\u00e9rj\u00fck jelen \u00c1SZF-et figyelmesen olvassa el, mivel az \u00c1SZF r\u00f6gz\u00edti a Weboldal \u00e9s az \u00d6n k\u00f6z\u00f6tt l\u00e9trej\u00f6v\u0151 jogviszonyt, illetve szerz\u0151d\u00e9s rendelkez\u00e9seit, illetve hasznos \u00e9s fontos adatokat tudhat meg a Weboldal \u00fczemeltet\u0151j\u00e9r\u0151l, panaszkezel\u00e9sr\u0151l,&hellip;","og_url":"https:\/\/putzmeisteringroup.com\/altalanos-szerzodesi-feltetelek\/","og_site_name":"Putzbusters OG","article_modified_time":"2022-05-07T10:55:18+00:00","og_image":[{"url":"https:\/\/ssl.gstatic.com\/ui\/v1\/icons\/mail\/images\/cleardot.gif","type":"","width":"","height":""}],"twitter_card":"summary_large_image","twitter_misc":{"Becs\u00fclt olvas\u00e1si id\u0151":"33 perc"},"schema":{"@context":"https:\/\/schema.org","@graph":[{"@type":"WebPage","@id":"https:\/\/putzmeisteringroup.com\/altalanos-szerzodesi-feltetelek\/","url":"https:\/\/putzmeisteringroup.com\/altalanos-szerzodesi-feltetelek\/","name":"\u00c1ltal\u00e1nos szerz\u0151d\u00e9si felt\u00e9telek - Putzbusters OG","isPartOf":{"@id":"https:\/\/putzmeisteringroup.com\/#website"},"primaryImageOfPage":{"@id":"https:\/\/putzmeisteringroup.com\/altalanos-szerzodesi-feltetelek\/#primaryimage"},"image":{"@id":"https:\/\/putzmeisteringroup.com\/altalanos-szerzodesi-feltetelek\/#primaryimage"},"thumbnailUrl":"https:\/\/ssl.gstatic.com\/ui\/v1\/icons\/mail\/images\/cleardot.gif","datePublished":"2022-04-30T07:55:01+00:00","dateModified":"2022-05-07T10:55:18+00:00","breadcrumb":{"@id":"https:\/\/putzmeisteringroup.com\/altalanos-szerzodesi-feltetelek\/#breadcrumb"},"inLanguage":"hu","potentialAction":[{"@type":"ReadAction","target":["https:\/\/putzmeisteringroup.com\/altalanos-szerzodesi-feltetelek\/"]}]},{"@type":"ImageObject","inLanguage":"hu","@id":"https:\/\/putzmeisteringroup.com\/altalanos-szerzodesi-feltetelek\/#primaryimage","url":"https:\/\/ssl.gstatic.com\/ui\/v1\/icons\/mail\/images\/cleardot.gif","contentUrl":"https:\/\/ssl.gstatic.com\/ui\/v1\/icons\/mail\/images\/cleardot.gif"},{"@type":"BreadcrumbList","@id":"https:\/\/putzmeisteringroup.com\/altalanos-szerzodesi-feltetelek\/#breadcrumb","itemListElement":[{"@type":"ListItem","position":1,"name":"Kezd\u0151lap","item":"https:\/\/putzmeisteringroup.com\/hu\/"},{"@type":"ListItem","position":2,"name":"\u00c1ltal\u00e1nos szerz\u0151d\u00e9si felt\u00e9telek"}]},{"@type":"WebSite","@id":"https:\/\/putzmeisteringroup.com\/#website","url":"https:\/\/putzmeisteringroup.com\/","name":"Putzbusters OG","description":"","potentialAction":[{"@type":"SearchAction","target":{"@type":"EntryPoint","urlTemplate":"https:\/\/putzmeisteringroup.com\/?s={search_term_string}"},"query-input":{"@type":"PropertyValueSpecification","valueRequired":true,"valueName":"search_term_string"}}],"inLanguage":"hu"}]}},"_links":{"self":[{"href":"https:\/\/putzmeisteringroup.com\/hu\/wp-json\/wp\/v2\/pages\/1841","targetHints":{"allow":["GET"]}}],"collection":[{"href":"https:\/\/putzmeisteringroup.com\/hu\/wp-json\/wp\/v2\/pages"}],"about":[{"href":"https:\/\/putzmeisteringroup.com\/hu\/wp-json\/wp\/v2\/types\/page"}],"author":[{"embeddable":true,"href":"https:\/\/putzmeisteringroup.com\/hu\/wp-json\/wp\/v2\/users\/2"}],"replies":[{"embeddable":true,"href":"https:\/\/putzmeisteringroup.com\/hu\/wp-json\/wp\/v2\/comments?post=1841"}],"version-history":[{"count":4,"href":"https:\/\/putzmeisteringroup.com\/hu\/wp-json\/wp\/v2\/pages\/1841\/revisions"}],"predecessor-version":[{"id":1880,"href":"https:\/\/putzmeisteringroup.com\/hu\/wp-json\/wp\/v2\/pages\/1841\/revisions\/1880"}],"wp:attachment":[{"href":"https:\/\/putzmeisteringroup.com\/hu\/wp-json\/wp\/v2\/media?parent=1841"}],"curies":[{"name":"wp","href":"https:\/\/api.w.org\/{rel}","templated":true}]}}